{"id":205,"date":"2025-10-07T16:06:35","date_gmt":"2025-10-07T14:06:35","guid":{"rendered":"https:\/\/la-lucarne.org\/?page_id=205"},"modified":"2026-02-16T17:04:08","modified_gmt":"2026-02-16T16:04:08","slug":"envol-incubation-individuelle","status":"publish","type":"page","link":"https:\/\/la-lucarne.org\/index.php\/envol-incubation-individuelle\/","title":{"rendered":"Envol : incubation individuelle"},"content":{"rendered":"<div id=\"cs-content\" class=\"cs-content\"><div class=\"x-section e205-e1 m5p-0 m5p-1\"><div class=\"x-row x-container max width e205-e2 m5p-8 m5p-9 m5p-a m5p-f m5p-g\"><div class=\"x-row-inner\"><div class=\"x-col e205-e3 m5p-m m5p-n m5p-o\"><div class=\"x-text x-text-headline e205-e4 m5p-u m5p-v m5p-w m5p-x m5p-y m5p-z m5p-10 m5p-11 m5p-12\"><div class=\"x-text-content\"><div class=\"x-text-content-text\">\n<h2 class=\"x-text-content-text-primary\">Programme d'incubation individuelle : Envol<\/h2><\/div><\/div><\/div><\/div><\/div><\/div><div class=\"x-grid x-container max width e205-e5 m5p-1m m5p-1n\"><div class=\"x-cell e205-e6 m5p-1p m5p-1q m5p-1r\"><div class=\"x-row e205-e7 m5p-8 m5p-9 m5p-b m5p-h\"><div class=\"x-row-inner\"><div class=\"x-col e205-e8 m5p-m m5p-p m5p-q\"><div class=\"x-div e205-e9 m5p-1u m5p-1v m5p-1w m5p-1x\"><div class=\"x-text x-text-headline e205-e10 m5p-w m5p-11 m5p-13 m5p-14 m5p-15 m5p-16 m5p-17\"><div class=\"x-text-content\"><div class=\"x-text-content-text\">\n<h3 class=\"x-text-content-text-primary\">Incubation individuelle<\/h3><\/div><\/div><\/div><div class=\"x-text x-text-headline e205-e11 m5p-v m5p-w m5p-11 m5p-12 m5p-14 m5p-15 m5p-18\"><div class=\"x-text-content\"><div class=\"x-text-content-text\">\n<h3 class=\"x-text-content-text-primary\">Programme Envol<\/h3><\/div><\/div><\/div><div class=\"x-text x-content e205-e12 m5p-21 m5p-22 m5p-23 m5p-24 m5p-25\"><p><strong>&nbsp; <img decoding=\"async\" class=\"emoji\" role=\"img\" draggable=\"false\" src=\"https:\/\/s.w.org\/images\/core\/emoji\/16.0.1\/svg\/1f465.svg\" alt=\"\ud83d\udc65\" \/> 10 porteur.euse.s accompagn&eacute;.e.s&nbsp;&nbsp;<\/strong><\/p><\/div><div class=\"x-text x-content e205-e13 m5p-22 m5p-25 m5p-26 m5p-27 m5p-28 m5p-29 m5p-2a\"><p><span class=\"OYPEnA font-feature-liga-off font-feature-clig-off font-feature-calt-off text-decoration-none text-strikethrough-none\">Un accompagnement personnalis&eacute; con&ccedil;u pour accompagner votre projet vers la r&eacute;ussite avec des sessions de mentorat, des formations adapt&eacute;es et une immersion dans l'&eacute;cosyst&egrave;me.\u200b<\/span><\/p><\/div><div class=\"x-acc e205-e14 m5p-2i\" id=\"x-acc-e205-e14\" data-x-accordion-scroll-follow=\"mobile\"><div class=\"e205-e15 x-acc-item\"><button id=\"tab-e205-e15\" class=\"x-acc-header\" role=\"button\" type=\"button\" aria-expanded=\"false\" aria-controls=\"panel-e205-e15\" data-x-toggle=\"collapse\" data-x-toggleable=\"e205-e15\"><span class=\"x-acc-header-content\"><span class=\"x-acc-header-indicator\">&#x25b8;<\/span><span class=\"x-acc-header-text\"><span style=\"color: #06242c;\">12 mois d'accompagnement sur-mesure<\/span><\/span><\/span><\/button><div id=\"panel-e205-e15\" role=\"tabpanel\" aria-hidden=\"true\" aria-labelledby=\"tab-e205-e15\" data-x-toggleable=\"e205-e15\" data-x-toggle-collapse=\"1\" class=\"x-collapsed\"><div class=\"x-acc-content\"><div class=\"x-text x-content e205-e16 m5p-22 m5p-23 m5p-24 m5p-28 m5p-2a m5p-2b m5p-2c\"><ul>\n<li><span style=\"color: #21938c;\"><span class=\"TextRun SCXW149196738 BCX0\" lang=\"FR-FR\" xml:lang=\"FR-FR\" data-contrast=\"none\"><span class=\"NormalTextRun SCXW149196738 BCX0\">Un.e charg&eacute;.e d'accompagnement d&eacute;di&eacute;.e<\/span><\/span><\/span><\/li>\n<li><span style=\"color: #21938c;\"><span class=\"TextRun SCXW160474814 BCX0\" lang=\"FR-FR\" xml:lang=\"FR-FR\" data-contrast=\"none\"><span class=\"NormalTextRun SCXW160474814 BCX0\">Une <\/span><\/span><strong><span class=\"TextRun SCXW160474814 BCX0\" lang=\"FR-FR\" xml:lang=\"FR-FR\" data-contrast=\"none\"><span class=\"NormalTextRun SCXW160474814 BCX0\">feuille de route personnalis&eacute;e<\/span><\/span><\/strong><\/span><\/li>\n<li><span class=\"TextRun SCXW123352411 BCX0\" lang=\"FR-FR\" style=\"color: #21938c;\" xml:lang=\"FR-FR\" data-contrast=\"none\"><span class=\"NormalTextRun SCXW123352411 BCX0\">Des points de suivi r&eacute;guliers (1 &agrave; 2 fois par mois)<\/span><\/span><\/li>\n<li><span style=\"color: #21938c;\"><span class=\"TextRun SCXW82801279 BCX0\" lang=\"FR-FR\" xml:lang=\"FR-FR\" data-contrast=\"none\"><span class=\"NormalTextRun SCXW82801279 BCX0\">Un plan d&rsquo;actions concret pour pr&eacute;parer la sortie d&rsquo;incubation<\/span><\/span><\/span><\/li>\n<\/ul><\/div><\/div><\/div><\/div><div class=\"e205-e17 x-acc-item\"><button id=\"tab-e205-e17\" class=\"x-acc-header\" role=\"button\" type=\"button\" aria-expanded=\"false\" aria-controls=\"panel-e205-e17\" data-x-toggle=\"collapse\" data-x-toggleable=\"e205-e17\"><span class=\"x-acc-header-content\"><span class=\"x-acc-header-indicator\">&#x25b8;<\/span><span class=\"x-acc-header-text\"><span style=\"color: #06242c;\">D\u00e9finition d'un mod\u00e8le \u00e9conomique solide et acc\u00e8s au financement<\/span><\/span><\/span><\/button><div id=\"panel-e205-e17\" role=\"tabpanel\" aria-hidden=\"true\" aria-labelledby=\"tab-e205-e17\" data-x-toggleable=\"e205-e17\" data-x-toggle-collapse=\"1\" class=\"x-collapsed\"><div class=\"x-acc-content\"><div class=\"x-text x-content e205-e18 m5p-22 m5p-23 m5p-24 m5p-28 m5p-2a m5p-2b m5p-2c\"><ul>\n \t<li aria-setsize=\"-1\" data-leveltext=\"\uf0b7\" data-font=\"Symbol\" data-listid=\"9\" data-list-defn-props=\"{&quot;335552541&quot;:1,&quot;335559683&quot;:0,&quot;335559684&quot;:-2,&quot;335559685&quot;:720,&quot;335559991&quot;:360,&quot;469769226&quot;:&quot;Symbol&quot;,&quot;469769242&quot;:[8226],&quot;469777803&quot;:&quot;left&quot;,&quot;469777804&quot;:&quot;\uf0b7&quot;,&quot;469777815&quot;:&quot;hybridMultilevel&quot;}\" data-aria-posinset=\"1\" data-aria-level=\"1\"><span style=\"color: #21938c;\">Travail sur la <b>rentabilit\u00e9 et la mesure d\u2019impact<\/b>\u00a0<\/span><\/li>\n \t<li aria-setsize=\"-1\" data-leveltext=\"\uf0b7\" data-font=\"Symbol\" data-listid=\"9\" data-list-defn-props=\"{&quot;335552541&quot;:1,&quot;335559683&quot;:0,&quot;335559684&quot;:-2,&quot;335559685&quot;:720,&quot;335559991&quot;:360,&quot;469769226&quot;:&quot;Symbol&quot;,&quot;469769242&quot;:[8226],&quot;469777803&quot;:&quot;left&quot;,&quot;469777804&quot;:&quot;\uf0b7&quot;,&quot;469777815&quot;:&quot;hybridMultilevel&quot;}\" data-aria-posinset=\"1\" data-aria-level=\"1\"><span style=\"color: #21938c;\">Acc\u00e8s \u00e0 la cha\u00eene compl\u00e8te de financement de l\u2019innovation (r\u00e9gionale et nationale)<\/span><\/li>\n \t<li aria-setsize=\"-1\" data-leveltext=\"\uf0b7\" data-font=\"Symbol\" data-listid=\"9\" data-list-defn-props=\"{&quot;335552541&quot;:1,&quot;335559683&quot;:0,&quot;335559684&quot;:-2,&quot;335559685&quot;:720,&quot;335559991&quot;:360,&quot;469769226&quot;:&quot;Symbol&quot;,&quot;469769242&quot;:[8226],&quot;469777803&quot;:&quot;left&quot;,&quot;469777804&quot;:&quot;\uf0b7&quot;,&quot;469777815&quot;:&quot;hybridMultilevel&quot;}\" data-aria-posinset=\"1\" data-aria-level=\"1\"><span style=\"color: #21938c;\">Connexion avec des partenaires financiers (France Active, Initiatives Durables\u2026)<\/span><\/li>\n \t<li aria-setsize=\"-1\" data-leveltext=\"\uf0b7\" data-font=\"Symbol\" data-listid=\"9\" data-list-defn-props=\"{&quot;335552541&quot;:1,&quot;335559683&quot;:0,&quot;335559684&quot;:-2,&quot;335559685&quot;:720,&quot;335559991&quot;:360,&quot;469769226&quot;:&quot;Symbol&quot;,&quot;469769242&quot;:[8226],&quot;469777803&quot;:&quot;left&quot;,&quot;469777804&quot;:&quot;\uf0b7&quot;,&quot;469777815&quot;:&quot;hybridMultilevel&quot;}\" data-aria-posinset=\"1\" data-aria-level=\"1\"><span style=\"color: #21938c;\">Mise en relation avec un <b>r\u00e9seau de financeurs via Quest for change <\/b>(sur crit\u00e8res)<\/span><\/li>\n<\/ul>\n<ul><\/ul>\n<ul><\/ul>\n<ul><\/ul><\/div><\/div><\/div><\/div><div class=\"e205-e19 x-acc-item\"><button id=\"tab-e205-e19\" class=\"x-acc-header\" role=\"button\" type=\"button\" aria-expanded=\"false\" aria-controls=\"panel-e205-e19\" data-x-toggle=\"collapse\" data-x-toggleable=\"e205-e19\"><span class=\"x-acc-header-content\"><span class=\"x-acc-header-indicator\">&#x25b8;<\/span><span class=\"x-acc-header-text\"><span data-contrast=\"none\" xml:lang=\"FR-FR\" lang=\"FR-FR\" class=\"TextRun SCXW117208524 BCX0\" style=\"color: #06242c;\"><span class=\"NormalTextRun SCXW117208524 BCX0\" data-ccp-parastyle=\"heading 4\">Une plong\u00e9e au c\u0153ur de l'\u00e9cosyst\u00e8me via des \u00e9v\u00e9nements vari\u00e9s<\/span><\/span><\/span><\/span><\/button><div id=\"panel-e205-e19\" role=\"tabpanel\" aria-hidden=\"true\" aria-labelledby=\"tab-e205-e19\" data-x-toggleable=\"e205-e19\" data-x-toggle-collapse=\"1\" class=\"x-collapsed\"><div class=\"x-acc-content\"><div class=\"x-text x-content e205-e20 m5p-22 m5p-23 m5p-24 m5p-28 m5p-2a m5p-2b m5p-2c\"><p>L'acc&egrave;s &agrave; nos &eacute;v&eacute;nements vous permettra de d&eacute;multiplier les opportunit&eacute;s durant l'incubation individuelle. L'impact et l'entrepreneuriat sont au c&oelig;ur de la programmation.<\/p>\n<ul>\n<li><span style=\"color: #21938c;\">Participation &agrave; un <b>calendrier riche en &eacute;v&eacute;nements et temps forts<\/b><\/span><\/li>\n<li><span style=\"color: #21938c;\">Acc&egrave;s privil&eacute;gi&eacute; &agrave; un r&eacute;seau d&rsquo;experts et de partenaires qualifi&eacute;s&nbsp;<\/span><\/li>\n<li aria-setsize=\"-1\" data-leveltext=\"\uf0b7\" data-font=\"Symbol\" data-listid=\"10\" data-list-defn-props=\"{&quot;335552541&quot;:1,&quot;335559683&quot;:0,&quot;335559684&quot;:-2,&quot;335559685&quot;:720,&quot;335559991&quot;:360,&quot;469769226&quot;:&quot;Symbol&quot;,&quot;469769242&quot;:[8226],&quot;469777803&quot;:&quot;left&quot;,&quot;469777804&quot;:&quot;\uf0b7&quot;,&quot;469777815&quot;:&quot;hybridMultilevel&quot;}\" data-aria-posinset=\"1\" data-aria-level=\"1\"><span style=\"color: #21938c;\" data-contrast=\"none\">&Eacute;changes avec les incub&eacute;.e.s et <em>alumni <\/em>de la Lucarne et du r&eacute;seau Quest for change<\/span><\/li>\n<\/ul><\/div><\/div><\/div><\/div><\/div><a class=\"x-anchor x-anchor-button e205-e21 m5p-2j m5p-2k m5p-2l m5p-2m m5p-2n m5p-6\" tabindex=\"0\" href=\"https:\/\/la-lucarne.org\/index.php\/candidater\/\" data-x-effect=\"{&quot;durationBase&quot;:&quot;300ms&quot;}\"><div class=\"x-anchor-content\"><div class=\"x-anchor-text\"><span class=\"x-anchor-text-primary\">Candidater<\/span><\/div><\/div><\/a><\/div><\/div><\/div><\/div><\/div><div class=\"x-cell e205-e22 m5p-1q m5p-1r m5p-1s\"><div class=\"x-text x-content e205-e23 m5p-22 m5p-24 m5p-28 m5p-29 m5p-2a m5p-2b m5p-2d m5p-2e\"><p data-start=\"1382\" data-end=\"1580\">Avec <strong data-start=\"1387\" data-end=\"1409\">le programme Envol<\/strong>, La Lucarne propose un <strong data-start=\"1433\" data-end=\"1474\">accompagnement individuel sur 12 mois<\/strong> destin&eacute; aux entrepreneur&middot;e&middot;s &agrave; impact qui veulent structurer, consolider et faire d&eacute;coller leur projet.<\/p>\n<p data-start=\"1582\" data-end=\"1789\">Encadr&eacute;.e par <strong data-start=\"1596\" data-end=\"1638\">un&middot;e charg&eacute;&middot;e d&rsquo;accompagnement d&eacute;di&eacute;&middot;e<\/strong>, vous avancerez selon une <strong data-start=\"1663\" data-end=\"1697\">feuille de route personnalis&eacute;e<\/strong> et serez convi&eacute;.e &agrave; des <strong data-start=\"1705\" data-end=\"1734\">points de suivi r&eacute;guliers<\/strong> pour transformer votre vision en structure p&eacute;renne.<\/p>\n<p data-start=\"1791\" data-end=\"2023\">Le programme vous aide &agrave; <strong data-start=\"1816\" data-end=\"1873\">travailler la rentabilit&eacute;, l&rsquo;impact et le financement<\/strong> de votre projet, gr&acirc;ce &agrave; un acc&egrave;s privil&eacute;gi&eacute; &agrave; des partenaires financiers : <a href=\"https:\/\/franceactive-grandest.org\/alsace\" target=\"_blank\" rel=\"noopener\"><strong>France Active Alsace<\/strong><\/a>, <a href=\"https:\/\/www.initiativesdurables.com\" target=\"_blank\" rel=\"noopener\"><strong>Initiatives Durables<\/strong><\/a> et au r&eacute;seau <a href=\"https:\/\/questforchange.eu\" target=\"_blank\" rel=\"noopener\"><strong data-start=\"2000\" data-end=\"2020\">Quest for change<\/strong><\/a>.<\/p>\n<p data-start=\"2025\" data-end=\"2204\">Enfin, <strong>Envol<\/strong> vous plonge au c&oelig;ur d&rsquo;un <strong data-start=\"2063\" data-end=\"2087\">&eacute;cosyst&egrave;me dynamique<\/strong> : &eacute;v&eacute;nements, rencontres et &eacute;changes avec les incub&eacute;&middot;e&middot;s, les <em>alumni<\/em> et les acteurs de l&rsquo;entrepreneuriat &agrave; impact en R&eacute;gion Grand Est.<\/p>\n<p><span style=\"color: #21938c;\"><strong>Envol, c&rsquo;est le tremplin id&eacute;al pour donner toute son envergure &agrave; votre projet, &agrave; votre rythme, avec un accompagnement sur mesure.<\/strong><\/span><\/p><\/div><\/div><\/div><\/div><div class=\"x-section e205-e24 m5p-0 m5p-2 m5p-3\" id=\"comment candidater\"><div class=\"x-div x-container max width e205-e25 m5p-1u m5p-1w m5p-1y m5p-1z\"><a class=\"x-anchor x-anchor-button e205-e26 m5p-2k m5p-2m m5p-2n m5p-2o m5p-2p m5p-6\" tabindex=\"0\" href=\"https:\/\/la-lucarne.org\/wp-content\/uploads\/2025\/10\/Plaquette-beneficiaire-La-Lucarne-2025.pdf\" target=\"_blank\" rel=\"noopener noreferrer\" data-x-effect=\"{&quot;durationBase&quot;:&quot;300ms&quot;}\"><div class=\"x-anchor-content\"><div class=\"x-anchor-text\"><span class=\"x-anchor-text-primary\">T\u00e9l\u00e9charger le livret de pr\u00e9sentation<\/span><\/div><\/div><\/a><\/div><\/div><div class=\"x-section e205-e27 m5p-0 m5p-3 m5p-4\" id=\"suis je \u00e9ligible\"><div class=\"x-div x-container max width e205-e28 m5p-1w m5p-1x m5p-1z\"><div class=\"x-text x-text-headline e205-e29 m5p-v m5p-w m5p-x m5p-y m5p-z m5p-11 m5p-12 m5p-15 m5p-16 m5p-17 m5p-19\"><div class=\"x-text-content\"><div class=\"x-text-content-text\">\n<h2 class=\"x-text-content-text-primary\">Suis-je &eacute;ligible ?<\/h2><\/div><\/div><\/div><div class=\"x-grid e205-e30 m5p-1n m5p-1o\"><div class=\"x-cell e205-e31 m5p-1q m5p-1s m5p-1t\"><span class=\"x-image e205-e32 m5p-2s m5p-2t\"><img decoding=\"async\" src=\"https:\/\/la-lucarne.org\/wp-content\/uploads\/2025\/10\/417171.jpg\" width=\"1000\" height=\"560\" alt=\"Circle\" loading=\"lazy\"><\/span><div class=\"x-text x-text-headline e205-e33 m5p-v m5p-w m5p-15 m5p-19 m5p-1a m5p-1b m5p-1c\"><div class=\"x-text-content\"><div class=\"x-text-content-text\"><h1 class=\"x-text-content-text-primary\">Caract&egrave;re innovant<\/h1>\n<span class=\"x-text-content-text-subheadline\">Vous proposez une offre unique et diff&eacute;renciante. Innover, ce n&rsquo;est pas qu'une question de technologie : cela peut &ecirc;tre la fa&ccedil;on dont vous adressez un besoin sur le territoire<\/span><\/div><\/div><\/div><\/div><div class=\"x-cell e205-e34 m5p-1q m5p-1s m5p-1t\"><span class=\"x-image e205-e35 m5p-2t m5p-2u\"><img decoding=\"async\" src=\"https:\/\/la-lucarne.org\/wp-content\/uploads\/2025\/10\/DSC02616-scaled.jpg\" width=\"1280\" height=\"721\" alt=\"Circle\" loading=\"lazy\"><\/span><div class=\"x-text x-text-headline e205-e36 m5p-v m5p-w m5p-15 m5p-19 m5p-1a m5p-1b m5p-1c\"><div class=\"x-text-content\"><div class=\"x-text-content-text\"><h1 class=\"x-text-content-text-primary\">Motivation et engagement<\/h1>\n<span class=\"x-text-content-text-subheadline\">Vous disposez du temps n&eacute;cessaire pour vous investir pleinement dans le programme et vous ressentez le besoin d'&ecirc;tre accompagn&eacute;.e pour concr&eacute;tiser votre projet<\/span><\/div><\/div><\/div><\/div><div class=\"x-cell e205-e37 m5p-1q m5p-1s m5p-1t\"><span class=\"x-image e205-e38 m5p-2t m5p-2u\"><img decoding=\"async\" src=\"https:\/\/la-lucarne.org\/wp-content\/uploads\/2025\/10\/DSC04579-scaled.jpg\" width=\"1280\" height=\"721\" alt=\"Circle\" loading=\"lazy\"><\/span><div class=\"x-text x-text-headline e205-e39 m5p-v m5p-w m5p-15 m5p-19 m5p-1a m5p-1b m5p-1c\"><div class=\"x-text-content\"><div class=\"x-text-content-text\"><h1 class=\"x-text-content-text-primary\">Impact social ou environnemental<\/h1>\n<span class=\"x-text-content-text-subheadline\">Votre projet allie \u00e0 la fois une id\u00e9e innovante et un enjeu social ou environnemental clairement identifi\u00e9 parmi <a href=\"https:\/\/www.agenda-2030.fr\/17-objectifs-de-developpement-durable\/?\">les 17 objectifs de d\u00e9veloppement durable<\/a><\/span><\/div><\/div><\/div><\/div><div class=\"x-cell e205-e40 m5p-1q m5p-1s m5p-1t\"><span class=\"x-image e205-e41 m5p-2s m5p-2t\"><img decoding=\"async\" src=\"https:\/\/la-lucarne.org\/wp-content\/uploads\/2025\/10\/21887-2.png\" width=\"1000\" height=\"575\" alt=\"Circle\" loading=\"lazy\"><\/span><div class=\"x-text x-text-headline e205-e42 m5p-v m5p-w m5p-12 m5p-15 m5p-19 m5p-1a m5p-1c m5p-1d\"><div class=\"x-text-content\"><div class=\"x-text-content-text\"><h1 class=\"x-text-content-text-primary\">Territoire d'action<\/h1>\n<span class=\"x-text-content-text-subheadline\">Ancr&eacute; en r&eacute;gion Grand Est, votre projet participe au d&eacute;veloppement local. En milieu urbain ou rural, il mobilise les acteurs du territoire et renforce les liens entre initiatives locales et besoins r&eacute;els des habitants.<\/span><\/div><\/div><\/div><\/div><\/div><div class=\"x-row e205-e43 m5p-8 m5p-9 m5p-a m5p-f m5p-i\"><div class=\"x-row-inner\"><div class=\"x-col e205-e44 m5p-m m5p-n m5p-o\"><div class=\"x-text x-content e205-e45 m5p-22 m5p-25 m5p-27 m5p-28 m5p-29 m5p-2c m5p-2f m5p-2g\"><p>Si vous avez r&eacute;pondu favorablement &agrave; tous les crit&egrave;res ci-dessus, n'h&eacute;sitez pas &agrave; d&eacute;poser votre dossier de candidature !<\/p><\/div><a class=\"x-anchor x-anchor-button e205-e46 m5p-2k m5p-2l m5p-2m m5p-2p m5p-2q m5p-6\" tabindex=\"0\" href=\"https:\/\/la-lucarne.org\/index.php\/candidater\/\" target=\"_blank\" rel=\"noopener noreferrer\" data-x-effect=\"{&quot;durationBase&quot;:&quot;300ms&quot;}\"><div class=\"x-anchor-content\"><div class=\"x-anchor-text\"><span class=\"x-anchor-text-primary\">Soumettre ma candidature<\/span><\/div><\/div><\/a><\/div><\/div><\/div><\/div><\/div><div class=\"x-section e205-e47 m5p-0 m5p-3 m5p-5\" id=\"comment candidater\"><div class=\"x-div x-container max width e205-e48 m5p-1u m5p-1w m5p-1y m5p-1z\"><div class=\"x-text x-text-headline e205-e49 m5p-v m5p-w m5p-x m5p-y m5p-11 m5p-12 m5p-15 m5p-1e\"><div class=\"x-text-content\"><div class=\"x-text-content-text\">\n<h2 class=\"x-text-content-text-primary\">Foire aux questions<\/h2><\/div><\/div><\/div><div class=\"x-text x-content e205-e50 m5p-22 m5p-27 m5p-28 m5p-29 m5p-2d m5p-2g m5p-2h\"><p><span class=\"OYPEnA font-feature-liga-off font-feature-clig-off font-feature-calt-off text-decoration-none text-strikethrough-none\">Si vous n&rsquo;avez pas trouv&eacute; la r&eacute;ponse que vous cherchiez, passez la souris sur les questions ci-dessous pour en savoir plus.<\/span><\/p><\/div><\/div><div class=\"x-div x-container max width e205-e51 m5p-1w m5p-1x m5p-1z m5p-20\"><div class=\"x-row e205-e52 m5p-8 m5p-9 m5p-c m5p-d m5p-j m5p-k\"><div class=\"x-row-inner\"><div class=\"x-col e205-e53 m5p-m m5p-n m5p-q m5p-r m5p-s\"><div class=\"x-card is-flip-up has-not-flipped e205-e54 m5p-2v m5p-2w m5p-7\" data-x-element-card=\"\"><div class=\"x-card-faces\"><div class=\"x-card-face is-front\"><div class=\"x-text x-text-headline m5p-v m5p-w m5p-x m5p-15 m5p-16 m5p-1f m5p-1g\"><div class=\"x-text-content\"><div class=\"x-text-content-text\"><h1 class=\"x-text-content-text-primary\">Le programme Envol est-il fait pour mon projet ?<\/h1>\n<\/div><\/div><\/div><\/div><div class=\"x-card-face is-back\"><div class=\"x-text x-text-headline m5p-v m5p-w m5p-x m5p-10 m5p-11 m5p-17 m5p-1c m5p-1g m5p-1h\"><div class=\"x-text-content\"><div class=\"x-text-content-text\"><h1 class=\"x-text-content-text-primary\"><p>Si vous avez d\u00e9j\u00e0 test\u00e9 votre offre (premiers clients, partenaires, prototypes, preuves de concept) et que vous cherchez \u00e0 consolider votre mod\u00e8le, acc\u00e9l\u00e9rer votre d\u00e9veloppement ou pr\u00e9parer une mont\u00e9e en puissance, Envol est probablement adapt\u00e9 \u00e0 votre projet.<\/p>\n<p>Vous ressentez un fort besoin de structuration? Tournez-vous plut\u00f4t vers le programme <span style=\"color: #21938c;\">Eclosion<\/span>.<\/p><\/h1>\n<\/div><\/div><\/div><div class=\"x-anchor x-anchor-button m5p-2m m5p-2r\" tabindex=\"0\"><div class=\"x-anchor-content\"><\/div><\/div><\/div><\/div><\/div><\/div><div class=\"x-col e205-e55 m5p-m m5p-n m5p-q m5p-r m5p-s\"><div class=\"x-card is-flip-up has-not-flipped e205-e56 m5p-2v m5p-2x m5p-7\" data-x-element-card=\"\"><div class=\"x-card-faces\"><div class=\"x-card-face is-front\"><div class=\"x-text x-text-headline m5p-v m5p-w m5p-x m5p-15 m5p-16 m5p-1f m5p-1g\"><div class=\"x-text-content\"><div class=\"x-text-content-text\"><h1 class=\"x-text-content-text-primary\">L'accompagnement inclut-il une aide au financement ?<\/h1>\n<\/div><\/div><\/div><\/div><div class=\"x-card-face is-back\"><div class=\"x-text x-text-headline m5p-v m5p-w m5p-x m5p-10 m5p-11 m5p-17 m5p-1c m5p-1g m5p-1i\"><div class=\"x-text-content\"><div class=\"x-text-content-text\"><h1 class=\"x-text-content-text-primary\">Oui, gr\u00e2ce \u00e0 notre partenariat avec <a href=\"https:\/\/franceactive-grandest.org\/alsace\/\"><span style=\"color: #21938c;\">France Active Alsace<\/span><\/a>, nous vous aidons \u00e0 identifier les bons leviers de financement (subventions, pr\u00eats solidaires, m\u00e9c\u00e9nat, etc.) et \u00e0 pr\u00e9parer vos dossiers, pitchs et supports \u00e0 des destination des financeurs.<\/h1>\n<\/div><\/div><\/div><a class=\"x-anchor x-anchor-button m5p-2m m5p-2r\" tabindex=\"0\" href=\"https:\/\/bigmedia.bpifrance.fr\/news\/cest-quoi-une-entreprise-a-impact#:~:text=D\u00e9finition%20d%27une%20entreprise%20ou,environnemental%20positif%20sur%20la%20soci\u00e9t\u00e9.\"><div class=\"x-anchor-content\"><\/div><\/a><\/div><\/div><\/div><\/div><div class=\"x-col e205-e57 m5p-m m5p-n m5p-q m5p-r m5p-t\"><div class=\"x-card is-flip-up has-not-flipped e205-e58 m5p-2v m5p-2y m5p-7\" data-x-element-card=\"\"><div class=\"x-card-faces\"><div class=\"x-card-face is-front\"><div class=\"x-text x-text-headline m5p-v m5p-w m5p-x m5p-15 m5p-16 m5p-1f m5p-1g\"><div class=\"x-text-content\"><div class=\"x-text-content-text\"><h1 class=\"x-text-content-text-primary\">Est-ce compatible avec une activit\u00e9 salari\u00e9e ou une autre situation professionnelle ?<\/h1>\n<\/div><\/div><\/div><\/div><div class=\"x-card-face is-back\"><div class=\"x-text x-text-headline m5p-v m5p-w m5p-x m5p-10 m5p-11 m5p-17 m5p-1c m5p-1g m5p-1j\"><div class=\"x-text-content\"><div class=\"x-text-content-text\"><h1 class=\"x-text-content-text-primary\"><p>Oui, de nombreux porteur\u00b7euses de projet incub\u00e9s sont salari\u00e9\u00b7es, ind\u00e9pendant\u00b7es ou en reconversion.<\/p>\n<p>L\u2019essentiel est de pouvoir d\u00e9gager suffisamment de temps pour participer aux rendez-vous de suivi, travailler sur votre feuille de route et faire avancer concr\u00e8tement le projet pendant la dur\u00e9e du programme.<\/p><\/h1>\n<\/div><\/div><\/div><a class=\"x-anchor x-anchor-button m5p-2m m5p-2r\" tabindex=\"0\" href=\"https:\/\/bigmedia.bpifrance.fr\/news\/cest-quoi-une-entreprise-a-impact#:~:text=D\u00e9finition%20d%27une%20entreprise%20ou,environnemental%20positif%20sur%20la%20soci\u00e9t\u00e9.\"><div class=\"x-anchor-content\"><\/div><\/a><\/div><\/div><\/div><\/div><\/div><\/div><div class=\"x-row e205-e59 m5p-8 m5p-c m5p-e m5p-j m5p-l\"><div class=\"x-row-inner\"><div class=\"x-col e205-e60 m5p-m m5p-n m5p-q m5p-r\"><div class=\"x-card is-flip-up has-not-flipped e205-e61 m5p-2v m5p-2z m5p-7\" data-x-element-card=\"\"><div class=\"x-card-faces\"><div class=\"x-card-face is-front\"><div class=\"x-text x-text-headline m5p-v m5p-w m5p-x m5p-15 m5p-16 m5p-1f m5p-1g\"><div class=\"x-text-content\"><div class=\"x-text-content-text\"><h1 class=\"x-text-content-text-primary\">Comment se passe la s\u00e9lection pour int\u00e9grer Envol ?<\/h1>\n<\/div><\/div><\/div><\/div><div class=\"x-card-face is-back\"><div class=\"x-text x-text-headline m5p-v m5p-w m5p-x m5p-10 m5p-11 m5p-17 m5p-1c m5p-1g m5p-1k\"><div class=\"x-text-content\"><div class=\"x-text-content-text\"><h1 class=\"x-text-content-text-primary\"><p>Apr\u00e8s le d\u00e9p\u00f4t de votre candidature via le formulaire en ligne, votre dossier est analys\u00e9 par l\u2019\u00e9quipe.<br \/>\n<br \/>\nSi votre projet est pr\u00e9s\u00e9lectionn\u00e9, vous \u00eates invit\u00e9\u00b7e \u00e0 un entretien ou \u00e0 un passage en comit\u00e9 de s\u00e9lection, \u00e0 l\u2019issue duquel un retour argument\u00e9 vous est transmis et, le cas \u00e9ch\u00e9ant, une proposition d\u2019int\u00e9grer <span style=\"color: #21938c;\"><a href=\"https:\/\/la-lucarne.org\/index.php\/eclosion-incubation-collective\/\" style=\"color: #21938c;\">\u00c9closion<\/a><\/span> ou <span style=\"color: #21938c;\"><a href=\"https:\/\/la-lucarne.org\/index.php\/envol-incubation-individuelle\/\" style=\"color: #21938c;\">Envol<\/a><\/span>.<\/p><\/h1>\n<\/div><\/div><\/div><div class=\"x-anchor x-anchor-button m5p-2m m5p-2r\" tabindex=\"0\"><div class=\"x-anchor-content\"><\/div><\/div><\/div><\/div><\/div><\/div><div class=\"x-col e205-e62 m5p-m m5p-n m5p-q m5p-r\"><div class=\"x-card is-flip-up has-not-flipped e205-e63 m5p-2v m5p-30 m5p-7\" data-x-element-card=\"\"><div class=\"x-card-faces\"><div class=\"x-card-face is-front\"><div class=\"x-text x-text-headline m5p-v m5p-w m5p-x m5p-15 m5p-16 m5p-1f m5p-1g\"><div class=\"x-text-content\"><div class=\"x-text-content-text\"><h1 class=\"x-text-content-text-primary\">Mon projet doit-il obligatoirement \u00eatre \u00e0 impact social, soci\u00e9tal ou environnemental ?<\/h1>\n<\/div><\/div><\/div><\/div><div class=\"x-card-face is-back\"><div class=\"x-text x-text-headline m5p-v m5p-w m5p-x m5p-10 m5p-11 m5p-17 m5p-1c m5p-1g m5p-1j\"><div class=\"x-text-content\"><div class=\"x-text-content-text\"><h1 class=\"x-text-content-text-primary\"><p>Oui, La Lucarne est d\u00e9di\u00e9e aux projets \u00e0 impact positif sur les plans social, environnemental ou soci\u00e9tal.<\/p>\n<p>Votre projet doit r\u00e9pondre \u00e0 un enjeu de transition (\u00e9cologique, sociale, territoriale, \u00e9conomique responsable) et chercher \u00e0 cr\u00e9er une valeur qui d\u00e9passe la seule rentabilit\u00e9 \u00e9conomique.<\/p><\/h1>\n<\/div><\/div><\/div><a class=\"x-anchor x-anchor-button m5p-2m m5p-2r\" tabindex=\"0\" href=\"https:\/\/bigmedia.bpifrance.fr\/news\/cest-quoi-une-entreprise-a-impact#:~:text=D\u00e9finition%20d%27une%20entreprise%20ou,environnemental%20positif%20sur%20la%20soci\u00e9t\u00e9.\"><div class=\"x-anchor-content\"><\/div><\/a><\/div><\/div><\/div><\/div><div class=\"x-col e205-e64 m5p-m m5p-n m5p-q m5p-r\"><div class=\"x-card is-flip-up has-not-flipped e205-e65 m5p-2v m5p-31 m5p-7\" data-x-element-card=\"\"><div class=\"x-card-faces\"><div class=\"x-card-face is-front\"><div class=\"x-text x-text-headline m5p-v m5p-w m5p-x m5p-15 m5p-16 m5p-1f m5p-1g\"><div class=\"x-text-content\"><div class=\"x-text-content-text\"><h1 class=\"x-text-content-text-primary\">Puis-je entrer directement en Envol sans passer par \u00c9closion ?<\/h1>\n<\/div><\/div><\/div><\/div><div class=\"x-card-face is-back\"><div class=\"x-text x-text-headline m5p-v m5p-w m5p-x m5p-10 m5p-11 m5p-17 m5p-1c m5p-1g m5p-1l\"><div class=\"x-text-content\"><div class=\"x-text-content-text\"><h1 class=\"x-text-content-text-primary\"><p>Oui, c\u2019est possible si votre projet est d\u00e9j\u00e0 suffisamment avanc\u00e9.<\/p>\n<p>Lors de l\u2019\u00e9tude de votre candidature et d\u2019un \u00e9ventuel entretien, l\u2019\u00e9quipe \u00e9valuera la maturit\u00e9 de votre projet afin de<span>\u00a0vous proposer la suite la plus adapt\u00e9e : <span style=\"color: #21839c;\"><a href=\"https:\/\/la-lucarne.org\/index.php\/eclosion-incubation-collective\/\" style=\"color: #21839c;\">\u00c9closion<\/a><\/span>, <span style=\"color: #21839c;\">Envol<\/span> ou une autre orientation dans l\u2019\u00e9cosyst\u00e8me.<\/span><\/p><\/h1>\n<\/div><\/div><\/div><a class=\"x-anchor x-anchor-button m5p-2m m5p-2r\" tabindex=\"0\" href=\"https:\/\/bigmedia.bpifrance.fr\/news\/cest-quoi-une-entreprise-a-impact#:~:text=D\u00e9finition%20d%27une%20entreprise%20ou,environnemental%20positif%20sur%20la%20soci\u00e9t\u00e9.\"><div class=\"x-anchor-content\"><\/div><\/a><\/div><\/div><\/div><\/div><\/div><\/div><\/div><\/div><\/div>\n","protected":false},"excerpt":{"rendered":"<p>Programme d&rsquo;incubation individuelle : Envol Incubation individuelle Programme Envol&nbsp; 10 porteur.euse.s accompagn&eacute;.e.s&nbsp;&nbsp;Un accompagnement personnalis&eacute; con&ccedil;u pour accompagner votre projet vers la r&eacute;ussite avec des sessions de mentorat, des formations adapt&eacute;es et une immersion dans l&rsquo;&eacute;cosyst&egrave;me.\u200b&#x25b8;12 mois d&rsquo;accompagnement sur-mesure Un.e charg&eacute;.e d&rsquo;accompagnement d&eacute;di&eacute;.e Une feuille de route personnalis&eacute;e Des points de suivi r&eacute;guliers (1 &agrave; 2 fois par mois) Un plan &#8230; <\/p>\n<div><a href=\"https:\/\/la-lucarne.org\/index.php\/envol-incubation-individuelle\/\" class=\"more-link\">Read More<\/a><\/div>\n","protected":false},"author":2,"featured_media":0,"parent":0,"menu_order":0,"comment_status":"closed","ping_status":"closed","template":"template-blank-4.php","meta":{"footnotes":""},"class_list":["post-205","page","type-page","status-publish","hentry","no-post-thumbnail"],"_links":{"self":[{"href":"https:\/\/la-lucarne.org\/index.php\/wp-json\/wp\/v2\/pages\/205","targetHints":{"allow":["GET"]}}],"collection":[{"href":"https:\/\/la-lucarne.org\/index.php\/wp-json\/wp\/v2\/pages"}],"about":[{"href":"https:\/\/la-lucarne.org\/index.php\/wp-json\/wp\/v2\/types\/page"}],"author":[{"embeddable":true,"href":"https:\/\/la-lucarne.org\/index.php\/wp-json\/wp\/v2\/users\/2"}],"replies":[{"embeddable":true,"href":"https:\/\/la-lucarne.org\/index.php\/wp-json\/wp\/v2\/comments?post=205"}],"version-history":[{"count":8,"href":"https:\/\/la-lucarne.org\/index.php\/wp-json\/wp\/v2\/pages\/205\/revisions"}],"predecessor-version":[{"id":324,"href":"https:\/\/la-lucarne.org\/index.php\/wp-json\/wp\/v2\/pages\/205\/revisions\/324"}],"wp:attachment":[{"href":"https:\/\/la-lucarne.org\/index.php\/wp-json\/wp\/v2\/media?parent=205"}],"curies":[{"name":"wp","href":"https:\/\/api.w.org\/{rel}","templated":true}]}}