{"id":23,"date":"2024-09-19T15:50:51","date_gmt":"2024-09-19T13:50:51","guid":{"rendered":"https:\/\/la-lucarne.org\/?page_id=23"},"modified":"2026-02-13T15:25:07","modified_gmt":"2026-02-13T14:25:07","slug":"eclosion-incubation-collective","status":"publish","type":"page","link":"https:\/\/la-lucarne.org\/index.php\/eclosion-incubation-collective\/","title":{"rendered":"\u00c9closion : incubation collective"},"content":{"rendered":"<div id=\"cs-content\" class=\"cs-content\"><div class=\"x-section e23-e1 mn-0 mn-1\"><div class=\"x-row x-container max width e23-e2 mn-8 mn-9 mn-c mn-d\"><div class=\"x-row-inner\"><div class=\"x-col e23-e3 mn-h mn-i mn-j\"><div class=\"x-text x-text-headline e23-e4 mn-n mn-o mn-p mn-q mn-r mn-s mn-t mn-u mn-v mn-w mn-x\"><div class=\"x-text-content\"><div class=\"x-text-content-text\">\n<h2 class=\"x-text-content-text-primary\">Programme d'incubation collective : &Eacute;closion<\/h2><\/div><\/div><\/div><\/div><\/div><\/div><div class=\"x-grid x-container max width e23-e5 mn-1i mn-1j\"><div class=\"x-cell e23-e6 mn-1l mn-1m mn-1n\"><div class=\"x-row x-container max width e23-e7 mn-8 mn-a mn-e\"><div class=\"x-row-inner\"><div class=\"x-col e23-e8 mn-h mn-k mn-l\"><div class=\"x-div e23-e9 mn-1q mn-1r mn-1s mn-1t\"><div class=\"x-text x-text-headline e23-e10 mn-p mn-u mn-y mn-z mn-10 mn-11 mn-12\"><div class=\"x-text-content\"><div class=\"x-text-content-text\">\n<h3 class=\"x-text-content-text-primary\">Incubation collective<\/h3><\/div><\/div><\/div><div class=\"x-text x-text-headline e23-e11 mn-o mn-p mn-u mn-v mn-x mn-z mn-10 mn-11 mn-13\"><div class=\"x-text-content\"><div class=\"x-text-content-text\">\n<h3 class=\"x-text-content-text-primary\">Programme &Eacute;closion<\/h3><\/div><\/div><\/div><div class=\"x-text x-content e23-e12 mn-1w mn-1x mn-1y mn-1z mn-20\"><p><b><img decoding=\"async\" class=\"emoji\" role=\"img\" draggable=\"false\" src=\"https:\/\/s.w.org\/images\/core\/emoji\/16.0.1\/svg\/1fab4.svg\" alt=\"\ud83e\udeb4\" \/> 5 &agrave; 10 projets accompagn&eacute;s<\/b><\/p><\/div><div class=\"x-text x-content e23-e13 mn-1x mn-20 mn-21 mn-22 mn-23 mn-24 mn-25\"><p class=\"cvGsUA direction-ltr align-justify para-style-body\"><span class=\"OYPEnA font-feature-liga-off font-feature-clig-off font-feature-calt-off text-decoration-none text-strikethrough-none\">Un espace d&rsquo;exploration pour maturer son id&eacute;e sans encore changer sa vie : des ateliers collectifs, du coaching individualis&eacute; et des &eacute;v&eacute;nements pour structurer et concr&eacute;tiser votre projet.<\/span><\/p><\/div><div class=\"x-acc e23-e14 mn-2e\" id=\"x-acc-e23-e14\" data-x-accordion-scroll-follow=\"mobile\"><div class=\"e23-e15 x-acc-item\"><button id=\"tab-e23-e15\" class=\"x-acc-header\" role=\"button\" type=\"button\" aria-expanded=\"false\" aria-controls=\"panel-e23-e15\" data-x-toggle=\"collapse\" data-x-toggleable=\"e23-e15\"><span class=\"x-acc-header-content\"><span class=\"x-acc-header-indicator\">&#x25b8;<\/span><span class=\"x-acc-header-text\"><span style=\"color: #06242c;\">5 mois de suivi adapt\u00e9 \u00e0 vos besoins<\/span><\/span><\/span><\/button><div id=\"panel-e23-e15\" role=\"tabpanel\" aria-hidden=\"true\" aria-labelledby=\"tab-e23-e15\" data-x-toggleable=\"e23-e15\" data-x-toggle-collapse=\"1\" class=\"x-collapsed\"><div class=\"x-acc-content\"><div class=\"x-text x-content e23-e16 mn-1x mn-1y mn-1z mn-23 mn-26 mn-27 mn-28\"><ul>\n<li><span style=\"color: #ee844f;\">13 journ&eacute;es d&rsquo;ateliers collectifs<\/span><\/li>\n<li><span class=\"TextRun SCXW165179104 BCX0\" lang=\"FR-FR\" style=\"color: #ee844f;\" xml:lang=\"FR-FR\" data-contrast=\"none\"><span class=\"NormalTextRun SCXW165179104 BCX0\">Des sessions de suivi individuel pour faire le point<\/span><\/span><\/li>\n<\/ul><\/div><\/div><\/div><\/div><div class=\"e23-e17 x-acc-item\"><button id=\"tab-e23-e17\" class=\"x-acc-header\" role=\"button\" type=\"button\" aria-expanded=\"false\" aria-controls=\"panel-e23-e17\" data-x-toggle=\"collapse\" data-x-toggleable=\"e23-e17\"><span class=\"x-acc-header-content\"><span class=\"x-acc-header-indicator\">&#x25b8;<\/span><span class=\"x-acc-header-text\"><span style=\"color: #06242c;\">Exploration de th\u00e9matiques cl\u00e9s dont la viabilit\u00e9 \u00e9conomique et l'impact<\/span><\/span><\/span><\/button><div id=\"panel-e23-e17\" role=\"tabpanel\" aria-hidden=\"true\" aria-labelledby=\"tab-e23-e17\" data-x-toggleable=\"e23-e17\" data-x-toggle-collapse=\"1\" class=\"x-collapsed\"><div class=\"x-acc-content\"><div class=\"x-text x-content e23-e18 mn-1x mn-1y mn-1z mn-23 mn-26 mn-27 mn-28\"><ul>\n \t<li><span style=\"color: #ee844f;\"><span class=\"NormalTextRun SCXW239036061 BCX0\">Identifier et v<\/span><span class=\"NormalTextRun SCXW239036061 BCX0\">alid<\/span><span class=\"NormalTextRun SCXW239036061 BCX0\">er un besoin <\/span><span class=\"NormalTextRun SCXW239036061 BCX0\">client <\/span><span class=\"NormalTextRun SCXW239036061 BCX0\">en conduisant une <\/span><span class=\"NormalTextRun SCXW239036061 BCX0\">\u00e9tude de march\u00e9<\/span><\/span><\/li>\n \t<li><span class=\"NormalTextRun SCXW239036061 BCX0\" style=\"color: #ee844f;\"><span class=\"TextRun SCXW231243797 BCX0\" lang=\"FR-FR\" xml:lang=\"FR-FR\" data-contrast=\"none\"><span class=\"NormalTextRun SCXW231243797 BCX0\">D\u00e9velopper une proposition de valeur innovante, unique et diff\u00e9renciante<\/span><\/span><\/span><\/li>\n \t<li><span class=\"NormalTextRun SCXW239036061 BCX0\" style=\"color: #ee844f;\"><span class=\"TextRun SCXW231243797 BCX0\" lang=\"FR-FR\" xml:lang=\"FR-FR\" data-contrast=\"none\"><span class=\"NormalTextRun SCXW231243797 BCX0\"><span class=\"TextRun SCXW21615615 BCX0\" lang=\"FR-FR\" xml:lang=\"FR-FR\" data-contrast=\"none\"><span class=\"NormalTextRun SCXW21615615 BCX0\">Faire sa p<\/span><span class=\"NormalTextRun SCXW21615615 BCX0\">reuve de concept<\/span><span class=\"NormalTextRun SCXW21615615 BCX0\">, technique et commerciale<\/span><\/span><\/span><\/span><\/span><\/li>\n \t<li><span class=\"NormalTextRun SCXW239036061 BCX0\" style=\"color: #ee844f;\"><span class=\"TextRun SCXW231243797 BCX0\" lang=\"FR-FR\" xml:lang=\"FR-FR\" data-contrast=\"none\"><span class=\"NormalTextRun SCXW231243797 BCX0\"><span class=\"TextRun SCXW21615615 BCX0\" lang=\"FR-FR\" xml:lang=\"FR-FR\" data-contrast=\"none\"><span class=\"NormalTextRun SCXW21615615 BCX0\"><span class=\"TextRun SCXW147174795 BCX0\" lang=\"FR-FR\" xml:lang=\"FR-FR\" data-contrast=\"none\"><span class=\"NormalTextRun SCXW147174795 BCX0\">Mesure<\/span><span class=\"NormalTextRun SCXW147174795 BCX0\">r l\u2019impact dans son projet<\/span><\/span><\/span><\/span><\/span><\/span><\/span><\/li>\n \t<li><span class=\"NormalTextRun SCXW239036061 BCX0\" style=\"color: #ee844f;\"><span class=\"TextRun SCXW231243797 BCX0\" lang=\"FR-FR\" xml:lang=\"FR-FR\" data-contrast=\"none\"><span class=\"NormalTextRun SCXW231243797 BCX0\"><span class=\"TextRun SCXW21615615 BCX0\" lang=\"FR-FR\" xml:lang=\"FR-FR\" data-contrast=\"none\"><span class=\"NormalTextRun SCXW21615615 BCX0\"><span class=\"TextRun SCXW147174795 BCX0\" lang=\"FR-FR\" xml:lang=\"FR-FR\" data-contrast=\"none\"><span class=\"NormalTextRun SCXW147174795 BCX0\"><span class=\"NormalTextRun SCXW257922317 BCX0\">Travailler un m<\/span><span class=\"NormalTextRun SCXW257922317 BCX0\">od\u00e8le \u00e9conomique<\/span><span class=\"NormalTextRun SCXW257922317 BCX0\"> pour maximiser son impact<\/span><\/span><\/span><\/span><\/span><\/span><\/span><\/span><\/li>\n<\/ul><\/div><\/div><\/div><\/div><div class=\"e23-e19 x-acc-item\"><button id=\"tab-e23-e19\" class=\"x-acc-header\" role=\"button\" type=\"button\" aria-expanded=\"false\" aria-controls=\"panel-e23-e19\" data-x-toggle=\"collapse\" data-x-toggleable=\"e23-e19\"><span class=\"x-acc-header-content\"><span class=\"x-acc-header-indicator\">&#x25b8;<\/span><span class=\"x-acc-header-text\"><span style=\"color: #06242c;\">L'opportunit\u00e9 de d\u00e9velopper votre r\u00e9seau<\/span><\/span><\/span><\/button><div id=\"panel-e23-e19\" role=\"tabpanel\" aria-hidden=\"true\" aria-labelledby=\"tab-e23-e19\" data-x-toggleable=\"e23-e19\" data-x-toggle-collapse=\"1\" class=\"x-collapsed\"><div class=\"x-acc-content\"><div class=\"x-text x-content e23-e20 mn-1x mn-1y mn-1z mn-23 mn-26 mn-27 mn-29\"><p>&Agrave; la Lucarne nous sommes convaincu.e.s qu'un.e entrepreneur.e bien entour&eacute;.e va plus loin. C'est pourquoi l'incubation collective vous permettra de rentrer en contact avec de nombreuses personnes :<\/p>\n<ul>\n<li><span style=\"color: #ee844f;\">Experts sectoriels<\/span><\/li>\n<li><span class=\"TextRun SCXW259190700 BCX0\" lang=\"FR-FR\" style=\"color: #ee844f;\" xml:lang=\"FR-FR\" data-contrast=\"none\"><span class=\"NormalTextRun SCXW259190700 BCX0\">Partenaires<\/span><\/span><\/li>\n<li><span class=\"TextRun SCXW259190700 BCX0\" lang=\"FR-FR\" style=\"color: #ee844f;\" xml:lang=\"FR-FR\" data-contrast=\"none\"><span class=\"NormalTextRun SCXW259190700 BCX0\"><span class=\"TextRun SCXW209145068 BCX0\" lang=\"FR-FR\" xml:lang=\"FR-FR\" data-contrast=\"none\"><span class=\"NormalTextRun SCXW209145068 BCX0\">P&ocirc;les de comp&eacute;titivit&eacute;<\/span><\/span><\/span><\/span><\/li>\n<li><span class=\"TextRun SCXW259190700 BCX0\" lang=\"FR-FR\" style=\"color: #ee844f;\" xml:lang=\"FR-FR\" data-contrast=\"none\"><span class=\"NormalTextRun SCXW259190700 BCX0\"><span class=\"TextRun SCXW209145068 BCX0\" lang=\"FR-FR\" xml:lang=\"FR-FR\" data-contrast=\"none\"><span class=\"NormalTextRun SCXW209145068 BCX0\"><span class=\"TextRun SCXW9360802 BCX0\" lang=\"FR-FR\" xml:lang=\"FR-FR\" data-contrast=\"none\"><span class=\"NormalTextRun SCXW9360802 BCX0\">Investisseurs et associations de l&rsquo;ESS<\/span><\/span><\/span><\/span><\/span><\/span><\/li>\n<li><em><span class=\"TextRun SCXW259190700 BCX0\" lang=\"FR-FR\" style=\"color: #ee844f;\" xml:lang=\"FR-FR\" data-contrast=\"none\"><span class=\"NormalTextRun SCXW259190700 BCX0\"><span class=\"TextRun SCXW209145068 BCX0\" lang=\"FR-FR\" xml:lang=\"FR-FR\" data-contrast=\"none\"><span class=\"NormalTextRun SCXW209145068 BCX0\"><span class=\"TextRun SCXW9360802 BCX0\" lang=\"FR-FR\" xml:lang=\"FR-FR\" data-contrast=\"none\"><span class=\"TextRun SCXW49412491 BCX0\" lang=\"FR-FR\" xml:lang=\"FR-FR\" data-contrast=\"none\"><span class=\"NormalTextRun SCXW49412491 BCX0\">Alumni<\/span><\/span><\/span><\/span><\/span><\/span><\/span><\/em><\/li>\n<\/ul><\/div><\/div><\/div><\/div><\/div><a class=\"x-anchor x-anchor-button e23-e21 mn-2f mn-2g mn-2h mn-2i mn-2j mn-2k mn-2l mn-2m mn-6\" tabindex=\"0\" href=\"https:\/\/la-lucarne.org\/index.php\/candidater\/\" data-x-effect=\"{&quot;durationBase&quot;:&quot;300ms&quot;}\"><div class=\"x-anchor-content\"><div class=\"x-anchor-text\"><span class=\"x-anchor-text-primary\">Candidater<\/span><\/div><\/div><\/a><\/div><\/div><\/div><\/div><\/div><div class=\"x-cell e23-e22 mn-1m mn-1n mn-1o\"><div class=\"x-text x-content e23-e23 mn-1x mn-1z mn-23 mn-24 mn-25 mn-26 mn-2a\"><p data-start=\"383\" data-end=\"578\">Chaque ann&eacute;e, <strong data-start=\"397\" data-end=\"446\">La Lucarne accompagne 5 &agrave; 10 projets &agrave; impact<\/strong> &agrave; travers son programme <strong data-start=\"471\" data-end=\"483\">&Eacute;closion<\/strong>, un parcours collectif de 5 mois pens&eacute; pour faire passer votre id&eacute;e &agrave; la vitesse sup&eacute;rieure.<\/p>\n<p data-start=\"580\" data-end=\"892\">Au fil de <strong data-start=\"590\" data-end=\"616\">13 journ&eacute;es d&rsquo;ateliers<\/strong> et de <strong data-start=\"623\" data-end=\"664\">rendez-vous individuels personnalis&eacute;s<\/strong>, vous explorez les fondamentaux de l&rsquo;entrepreneuriat &agrave; impact : valider un besoin client, affiner votre proposition de valeur, tester votre concept, mesurer votre impact et construire un mod&egrave;le &eacute;conomique viable et ambitieux.<\/p>\n<p data-start=\"894\" data-end=\"1190\">Le programme &Eacute;closion, c&rsquo;est aussi <strong data-start=\"921\" data-end=\"946\">la force du collectif<\/strong> : un environnement stimulant o&ugrave; l&rsquo;entraide et les &eacute;changes nourrissent vos avanc&eacute;es. Vous pourrez y rencontrer des <strong data-start=\"1056\" data-end=\"1140\">experts sectoriels, partenaires, investisseurs, p&ocirc;les de comp&eacute;titivit&eacute; et <em>alumni, <\/em><\/strong>et pourquoi pas faire des rencontres d&eacute;terminantes pour la suite de votre projet.<\/p>\n<p><span style=\"color: #21938c;\"><strong>Rejoignez le programme &Eacute;closion pour faire grandir votre id&eacute;e, et vous entourer d&rsquo;une communaut&eacute; bienveillante et inspirante.<\/strong><\/span><\/p><\/div><\/div><\/div><\/div><div class=\"x-section e23-e24 mn-0 mn-2 mn-3\" id=\"comment candidater\"><div class=\"x-div x-container max width e23-e25 mn-1q mn-1s mn-1u mn-1v\"><a class=\"x-anchor x-anchor-button e23-e26 mn-2g mn-2i mn-2j mn-2m mn-2n mn-2o mn-6\" tabindex=\"0\" href=\"https:\/\/la-lucarne.org\/wp-content\/uploads\/2025\/10\/Plaquette-beneficiaire-La-Lucarne-2025.pdf\" target=\"_blank\" rel=\"noopener noreferrer\" data-x-effect=\"{&quot;durationBase&quot;:&quot;300ms&quot;}\"><div class=\"x-anchor-content\"><div class=\"x-anchor-text\"><span class=\"x-anchor-text-primary\">T\u00e9l\u00e9charger le livret de pr\u00e9sentation<\/span><\/div><\/div><\/a><\/div><\/div><div class=\"x-section e23-e27 mn-0 mn-3 mn-4\" id=\"comment candidater\"><div class=\"x-div x-container max width e23-e28 mn-1q mn-1s mn-1u mn-1v\"><div class=\"x-text x-text-headline e23-e29 mn-o mn-p mn-q mn-r mn-u mn-v mn-10 mn-14\"><div class=\"x-text-content\"><div class=\"x-text-content-text\">\n<h2 class=\"x-text-content-text-primary\">Foire aux questions<\/h2><\/div><\/div><\/div><div class=\"x-text x-content e23-e30 mn-1x mn-22 mn-23 mn-24 mn-2b mn-2c\"><p><span class=\"OYPEnA font-feature-liga-off font-feature-clig-off font-feature-calt-off text-decoration-none text-strikethrough-none\">Si vous n&rsquo;avez pas trouv&eacute; la r&eacute;ponse que vous cherchiez, passez la souris sur les questions ci-dessous pour en savoir plus.<\/span><\/p><\/div><\/div><div class=\"x-div x-container max width e23-e31 mn-1s mn-1t mn-1v\"><div class=\"x-row e23-e32 mn-8 mn-b mn-f\"><div class=\"x-row-inner\"><div class=\"x-col e23-e33 mn-h mn-i mn-l mn-m\"><div class=\"x-card is-flip-up has-not-flipped e23-e34 mn-2u mn-2v mn-7\" data-x-element-card=\"\"><div class=\"x-card-faces\"><div class=\"x-card-face is-front\"><div class=\"x-text x-text-headline mn-o mn-p mn-q mn-10 mn-11 mn-15 mn-16 mn-17\"><div class=\"x-text-content\"><div class=\"x-text-content-text\"><h1 class=\"x-text-content-text-primary\">Qu'est-ce qu'un projet \u00e0 impact ?<\/h1>\n<\/div><\/div><\/div><\/div><div class=\"x-card-face is-back\"><div class=\"x-text x-text-headline mn-p mn-q mn-u mn-w mn-10 mn-12 mn-17 mn-18 mn-19\"><div class=\"x-text-content\"><div class=\"x-text-content-text\"><h1 class=\"x-text-content-text-primary\"><p>C\u2019est un projet dont le mod\u00e8le est bas\u00e9 sur sa capacit\u00e9 \u00e0 apporter des r\u00e9ponses aux d\u00e9fis sociaux et environnementaux. L'ensemble de son activit\u00e9 est construite autour de l'objectif d'avoir un impact positif.<\/p>\n<p>Cliquez ci-dessous pour acc\u00e9der \u00e0 un article de BPI France qui se penche sur la question.<\/p><\/h1>\n<\/div><\/div><\/div><a class=\"x-anchor x-anchor-button mn-2i mn-2k mn-2l mn-2m mn-2p mn-2q\" tabindex=\"0\" href=\"https:\/\/bigmedia.bpifrance.fr\/news\/cest-quoi-une-entreprise-a-impact#:~:text=D\u00e9finition%20d%27une%20entreprise%20ou,environnemental%20positif%20sur%20la%20soci\u00e9t\u00e9.\" target=\"_blank\" rel=\"noopener noreferrer\"><div class=\"x-anchor-content\"><div class=\"x-anchor-text\"><span class=\"x-anchor-text-primary\">En savoir plus<\/span><\/div><\/div><\/a><\/div><\/div><\/div><\/div><div class=\"x-col e23-e35 mn-h mn-i mn-l mn-m\"><div class=\"x-card is-flip-up has-not-flipped e23-e36 mn-2u mn-2w mn-2x mn-7\" data-x-element-card=\"\"><div class=\"x-card-faces\"><div class=\"x-card-face is-front\"><div class=\"x-text x-text-headline mn-o mn-p mn-q mn-10 mn-11 mn-16 mn-17 mn-1a mn-1b\"><div class=\"x-text-content\"><div class=\"x-text-content-text\"><h1 class=\"x-text-content-text-primary\">Est-ce que je peux rejoindre l\u2019incubateur m\u00eame si mon projet est encore au stade d\u2019id\u00e9e ?<\/h1>\n<\/div><\/div><\/div><\/div><div class=\"x-card-face is-back\"><div class=\"x-text x-text-headline mn-o mn-p mn-q mn-u mn-w mn-10 mn-12 mn-17 mn-19\"><div class=\"x-text-content\"><div class=\"x-text-content-text\"><h1 class=\"x-text-content-text-primary\">Bien s\u00fbr, m\u00eame les projets qui ne sont encore que des id\u00e9es sont les bienvenus. Chaque candidature est \u00e9tudi\u00e9e avec soin et re\u00e7oit un retour constructif et bienveillant. \nSi votre projet n\u2019est pas assez mature, vous pourrez retenter votre chance plus tard.<\/h1>\n<\/div><\/div><\/div><a class=\"x-anchor x-anchor-button mn-2i mn-2q mn-2r mn-2s\" tabindex=\"0\" href=\"https:\/\/bigmedia.bpifrance.fr\/news\/cest-quoi-une-entreprise-a-impact#:~:text=D\u00e9finition%20d%27une%20entreprise%20ou,environnemental%20positif%20sur%20la%20soci\u00e9t\u00e9.\"><div class=\"x-anchor-content\"><\/div><\/a><\/div><\/div><\/div><\/div><div class=\"x-col e23-e37 mn-h mn-i mn-l mn-m\"><div class=\"x-card is-flip-up has-not-flipped e23-e38 mn-2u mn-2x mn-2y mn-7\" data-x-element-card=\"\"><div class=\"x-card-faces\"><div class=\"x-card-face is-front\"><div class=\"x-text x-text-headline mn-o mn-p mn-q mn-10 mn-11 mn-16 mn-17 mn-1a mn-1c\"><div class=\"x-text-content\"><div class=\"x-text-content-text\"><h1 class=\"x-text-content-text-primary\">Est-ce que je dois me rendre disponible pendant toute la dur\u00e9e du programme \u00c9closion ?<\/h1>\n<\/div><\/div><\/div><\/div><div class=\"x-card-face is-back\"><div class=\"x-text x-text-headline mn-o mn-p mn-q mn-t mn-u mn-w mn-12 mn-17 mn-19 mn-1d\"><div class=\"x-text-content\"><div class=\"x-text-content-text\"><h1 class=\"x-text-content-text-primary\">Oui, le programme dure 14 jours r\u00e9partis sur 5 mois, soit moins d\u2019un jour par semaine. \nC\u2019est un minimum pour faire progresser son projet. \nLe travail personnel que vous fournirez en parall\u00e8le de ces journ\u00e9es d\u00e9pendra des objectifs que vous vous fixerez.<\/h1>\n<\/div><\/div><\/div><a class=\"x-anchor x-anchor-button mn-2i mn-2q mn-2r\" tabindex=\"0\" href=\"https:\/\/bigmedia.bpifrance.fr\/news\/cest-quoi-une-entreprise-a-impact#:~:text=D\u00e9finition%20d%27une%20entreprise%20ou,environnemental%20positif%20sur%20la%20soci\u00e9t\u00e9.\"><div class=\"x-anchor-content\"><\/div><\/a><\/div><\/div><\/div><\/div><\/div><\/div><\/div><\/div><div class=\"x-section e23-e39 mn-0 mn-3 mn-5\" id=\"suis je \u00e9ligible\"><div class=\"x-div x-container max width e23-e40 mn-1s mn-1t mn-1v\"><div class=\"x-text x-text-headline e23-e41 mn-o mn-p mn-q mn-r mn-s mn-u mn-v mn-10 mn-11 mn-12 mn-1e\"><div class=\"x-text-content\"><div class=\"x-text-content-text\">\n<h2 class=\"x-text-content-text-primary\">Suis-je &eacute;ligible ?<\/h2><\/div><\/div><\/div><div class=\"x-grid e23-e42 mn-1j mn-1k\"><div class=\"x-cell e23-e43 mn-1m mn-1o mn-1p\"><span class=\"x-image e23-e44 mn-2z mn-30\"><img decoding=\"async\" src=\"https:\/\/la-lucarne.org\/wp-content\/uploads\/2025\/10\/417171.jpg\" width=\"1000\" height=\"560\" alt=\"Circle\" loading=\"lazy\"><\/span><div class=\"x-text x-text-headline e23-e45 mn-o mn-p mn-10 mn-19 mn-1e mn-1f mn-1g\"><div class=\"x-text-content\"><div class=\"x-text-content-text\"><h1 class=\"x-text-content-text-primary\">Caract&egrave;re innovant<\/h1>\n<span class=\"x-text-content-text-subheadline\">Vous proposez une offre unique et diff&eacute;renciante. Innover, ce n&rsquo;est pas qu'une question de technologie : cela peut &ecirc;tre la fa&ccedil;on dont vous adressez un besoin sur le territoire<\/span><\/div><\/div><\/div><\/div><div class=\"x-cell e23-e46 mn-1m mn-1o mn-1p\"><span class=\"x-image e23-e47 mn-30 mn-31\"><img decoding=\"async\" src=\"https:\/\/la-lucarne.org\/wp-content\/uploads\/2025\/10\/DSC02616-scaled.jpg\" width=\"1280\" height=\"721\" alt=\"Circle\" loading=\"lazy\"><\/span><div class=\"x-text x-text-headline e23-e48 mn-o mn-p mn-10 mn-19 mn-1e mn-1f mn-1g\"><div class=\"x-text-content\"><div class=\"x-text-content-text\"><h1 class=\"x-text-content-text-primary\">Motivation et engagement<\/h1>\n<span class=\"x-text-content-text-subheadline\">Vous disposez du temps n&eacute;cessaire pour vous investir pleinement dans le programme et vous ressentez le besoin d'&ecirc;tre accompagn&eacute;.e pour concr&eacute;tiser votre projet<\/span><\/div><\/div><\/div><\/div><div class=\"x-cell e23-e49 mn-1m mn-1o mn-1p\"><span class=\"x-image e23-e50 mn-30 mn-31\"><img decoding=\"async\" src=\"https:\/\/la-lucarne.org\/wp-content\/uploads\/2025\/10\/DSC04579-scaled.jpg\" width=\"1280\" height=\"721\" alt=\"Circle\" loading=\"lazy\"><\/span><div class=\"x-text x-text-headline e23-e51 mn-o mn-p mn-10 mn-19 mn-1e mn-1f mn-1g\"><div class=\"x-text-content\"><div class=\"x-text-content-text\"><h1 class=\"x-text-content-text-primary\">Impact social ou environnemental<\/h1>\n<span class=\"x-text-content-text-subheadline\">Votre projet allie \u00e0 la fois une id\u00e9e innovante et un enjeu social ou environnemental clairement identifi\u00e9 parmi <a href=\"https:\/\/www.agenda-2030.fr\/17-objectifs-de-developpement-durable\/?\">les 17 objectifs de d\u00e9veloppement durable<\/a><\/span><\/div><\/div><\/div><\/div><div class=\"x-cell e23-e52 mn-1m mn-1o mn-1p\"><span class=\"x-image e23-e53 mn-2z mn-30\"><img decoding=\"async\" src=\"https:\/\/la-lucarne.org\/wp-content\/uploads\/2025\/10\/21887-2.png\" width=\"1000\" height=\"575\" alt=\"Circle\" loading=\"lazy\"><\/span><div class=\"x-text x-text-headline e23-e54 mn-o mn-p mn-v mn-10 mn-19 mn-1e mn-1f mn-1h\"><div class=\"x-text-content\"><div class=\"x-text-content-text\"><h1 class=\"x-text-content-text-primary\">Territoire d'action<\/h1>\n<span class=\"x-text-content-text-subheadline\">Ancr&eacute; en r&eacute;gion Grand Est, votre projet participe au d&eacute;veloppement local. En milieu urbain ou rural, il mobilise les acteurs du territoire et renforce les liens entre initiatives locales et besoins r&eacute;els des habitants.<\/span><\/div><\/div><\/div><\/div><\/div><div class=\"x-row e23-e55 mn-8 mn-9 mn-c mn-g\"><div class=\"x-row-inner\"><div class=\"x-col e23-e56 mn-h mn-i mn-j\"><div class=\"x-text x-content e23-e57 mn-1x mn-20 mn-22 mn-23 mn-24 mn-29 mn-2c mn-2d\"><p>Si vous avez r&eacute;pondu favorablement &agrave; tous les crit&egrave;res ci-dessus, n'h&eacute;sitez pas &agrave; d&eacute;poser votre dossier de candidature !<\/p><\/div><a class=\"x-anchor x-anchor-button e23-e58 mn-2g mn-2h mn-2i mn-2k mn-2m mn-2o mn-2t mn-6\" tabindex=\"0\" href=\"https:\/\/la-lucarne.org\/index.php\/candidater\/\" target=\"_blank\" rel=\"noopener noreferrer\" data-x-effect=\"{&quot;durationBase&quot;:&quot;300ms&quot;}\"><div class=\"x-anchor-content\"><div class=\"x-anchor-text\"><span class=\"x-anchor-text-primary\">Soumettre ma candidature<\/span><\/div><\/div><\/a><\/div><\/div><\/div><\/div><\/div><\/div>\n","protected":false},"excerpt":{"rendered":"<p>Programme d&rsquo;incubation collective : &Eacute;closion Incubation collective Programme &Eacute;closion 5 &agrave; 10 projets accompagn&eacute;sUn espace d&rsquo;exploration pour maturer son id&eacute;e sans encore changer sa vie : des ateliers collectifs, du coaching individualis&eacute; et des &eacute;v&eacute;nements pour structurer et concr&eacute;tiser votre projet.&#x25b8;5 mois de suivi adapt\u00e9 \u00e0 vos besoins 13 journ&eacute;es d&rsquo;ateliers collectifs Des sessions de suivi individuel pour faire le &#8230; <\/p>\n<div><a href=\"https:\/\/la-lucarne.org\/index.php\/eclosion-incubation-collective\/\" class=\"more-link\">Read More<\/a><\/div>\n","protected":false},"author":1,"featured_media":0,"parent":0,"menu_order":0,"comment_status":"closed","ping_status":"closed","template":"template-blank-4.php","meta":{"footnotes":""},"class_list":["post-23","page","type-page","status-publish","hentry","no-post-thumbnail"],"_links":{"self":[{"href":"https:\/\/la-lucarne.org\/index.php\/wp-json\/wp\/v2\/pages\/23","targetHints":{"allow":["GET"]}}],"collection":[{"href":"https:\/\/la-lucarne.org\/index.php\/wp-json\/wp\/v2\/pages"}],"about":[{"href":"https:\/\/la-lucarne.org\/index.php\/wp-json\/wp\/v2\/types\/page"}],"author":[{"embeddable":true,"href":"https:\/\/la-lucarne.org\/index.php\/wp-json\/wp\/v2\/users\/1"}],"replies":[{"embeddable":true,"href":"https:\/\/la-lucarne.org\/index.php\/wp-json\/wp\/v2\/comments?post=23"}],"version-history":[{"count":10,"href":"https:\/\/la-lucarne.org\/index.php\/wp-json\/wp\/v2\/pages\/23\/revisions"}],"predecessor-version":[{"id":322,"href":"https:\/\/la-lucarne.org\/index.php\/wp-json\/wp\/v2\/pages\/23\/revisions\/322"}],"wp:attachment":[{"href":"https:\/\/la-lucarne.org\/index.php\/wp-json\/wp\/v2\/media?parent=23"}],"curies":[{"name":"wp","href":"https:\/\/api.w.org\/{rel}","templated":true}]}}