{"id":54,"date":"2024-09-19T15:51:12","date_gmt":"2024-09-19T13:51:12","guid":{"rendered":"https:\/\/la-lucarne.org\/?page_id=54"},"modified":"2026-02-13T14:57:31","modified_gmt":"2026-02-13T13:57:31","slug":"notre-mission","status":"publish","type":"page","link":"https:\/\/la-lucarne.org\/index.php\/notre-mission\/","title":{"rendered":"Notre mission"},"content":{"rendered":"<div id=\"cs-content\" class=\"cs-content\"><div class=\"x-section e54-e1 m1i-0 m1i-1 m1i-2 m1i-3 m1i-4\" id=\"3 acteurs\"><div class=\"x-div x-container max width e54-e2 m1i-a m1i-b\"><div class=\"x-row e54-e3 m1i-d m1i-e m1i-f m1i-g m1i-h m1i-p\"><div class=\"x-row-inner\"><div class=\"x-col e54-e4 m1i-u\"><div class=\"x-text x-text-headline e54-e5 m1i-x m1i-y m1i-z m1i-10 m1i-11\"><div class=\"x-text-content\"><div class=\"x-text-content-text\">\n<h2 class=\"x-text-content-text-primary\">La Lucarne, qu'est-ce que c'est ?<\/h2><\/div><\/div><\/div><div class=\"x-row e54-e6 m1i-d m1i-e m1i-h m1i-i m1i-j m1i-k m1i-l m1i-q\"><div class=\"x-row-inner\"><div class=\"x-col e54-e7 m1i-u m1i-v\"><div class=\"x-text x-content e54-e8 m1i-17 m1i-18 m1i-19 m1i-1a m1i-1b\"><p><span class=\"TextRun SCXW61862061 BCX0\" lang=\"FR-FR\" xml:lang=\"FR-FR\" data-contrast=\"none\"><span class=\"NormalTextRun SCXW61862061 BCX0\">La Lucarne, incubateur d&eacute;di&eacute; aux projets &agrave; impact du Grand Est, est n&eacute;e de l&rsquo;alliance de trois structures majeures de l&rsquo;entrepreneuriat et de l&rsquo;accompagnement &agrave; impact en Alsace. <br \/>Ensemble, <\/span><span style=\"color: #21938c;\"><a style=\"color: #21938c;\" href=\"https:\/\/questforchange.eu\" target=\"_blank\" rel=\"noopener\"><span class=\"NormalTextRun SCXW61862061 BCX0\">Quest for change<\/span><\/a><\/span><\/span><span class=\"TextRun SCXW61862061 BCX0\" lang=\"FR-FR\" xml:lang=\"FR-FR\" data-contrast=\"none\"><span class=\"NormalTextRun SCXW61862061 BCX0\">, <span style=\"color: #44cabd;\"><a style=\"color: #44cabd;\" href=\"https:\/\/www.initiativesdurables.com\" target=\"_blank\" rel=\"noopener\"><span style=\"color: #21938c;\">Initiatives Durables<\/span><\/a><\/span> et <span style=\"color: #21938c;\"><a style=\"color: #21938c;\" href=\"https:\/\/franceactive-grandest.org\/alsace\" target=\"_blank\" rel=\"noopener\">France Active Alsace<\/a><\/span><\/span><\/span><span class=\"TextRun SCXW61862061 BCX0\" lang=\"FR-FR\" xml:lang=\"FR-FR\" data-contrast=\"none\"><span class=\"NormalTextRun SCXW61862061 BCX0\"> forment un socle solide qui permet &agrave; notre incubateur de soutenir efficacement les entrepreneur.e.s des transitions &eacute;cologique, sociale et soci&eacute;tale.<\/span><\/span><span class=\"EOP SCXW61862061 BCX0\" data-ccp-props=\"{&quot;134233117&quot;:false,&quot;134233118&quot;:false,&quot;335551550&quot;:0,&quot;335551620&quot;:0,&quot;335559738&quot;:240,&quot;335559739&quot;:240}\">&nbsp;<\/span><\/p><\/div><div class=\"x-row x-container max width e54-e9 m1i-d m1i-h m1i-k m1i-l m1i-m m1i-r\"><div class=\"x-row-inner\"><div class=\"x-col e54-e10 m1i-u\"><a class=\"x-image e54-e11 m1i-1n m1i-1o m1i-1p m1i-1q m1i-1r m1i-1s m1i-1t m1i-1u\" href=\"https:\/\/questforchange.eu\" target=\"_blank\" rel=\"noopener noreferrer\"><img decoding=\"async\" src=\"https:\/\/la-lucarne.org\/wp-content\/uploads\/2025\/10\/Logo-QFC-fond-blanc.png\" width=\"340\" height=\"184\" alt=\"Image\" loading=\"lazy\"><\/a><\/div><div class=\"x-col e54-e12 m1i-u\"><a class=\"x-image e54-e13 m1i-1n m1i-1o m1i-1p m1i-1q m1i-1r m1i-1s m1i-1t m1i-1u\" href=\"https:\/\/www.initiativesdurables.com\" target=\"_blank\" rel=\"noopener noreferrer\"><img decoding=\"async\" src=\"https:\/\/la-lucarne.org\/wp-content\/uploads\/2025\/10\/Logo-ID-fond-blanc.png\" width=\"340\" height=\"184\" alt=\"Image\" loading=\"lazy\"><\/a><\/div><div class=\"x-col e54-e14 m1i-u\"><a class=\"x-image e54-e15 m1i-1n m1i-1o m1i-1p m1i-1q m1i-1r m1i-1s m1i-1u m1i-1v\" href=\"https:\/\/franceactive-grandest.org\/alsace\" target=\"_blank\" rel=\"noopener noreferrer\"><img decoding=\"async\" src=\"https:\/\/la-lucarne.org\/wp-content\/uploads\/2025\/10\/Logo-FAA-fond-blanc.png\" width=\"341\" height=\"184\" alt=\"Image\" loading=\"lazy\"><\/a><\/div><\/div><\/div><\/div><\/div><\/div><\/div><div class=\"x-col e54-e18 m1i-u\"><figure class=\"x-div e54-e19 m1i-a m1i-c\"><span class=\"x-image e54-e20 m1i-1n m1i-1o m1i-1p m1i-1q m1i-1r m1i-1s m1i-1y m1i-1z\"><img decoding=\"async\" src=\"https:\/\/la-lucarne.org\/wp-content\/uploads\/2025\/09\/DSC04627-scaled.jpg\" width=\"1280\" height=\"721\" alt=\"Placeholder Image\" loading=\"lazy\"><\/span><\/figure><\/div><\/div><\/div><\/div><\/div><div class=\"x-section e54-e21 m1i-1 m1i-3 m1i-5 m1i-6\"><div class=\"x-row x-container max width e54-e22 m1i-d m1i-e m1i-f m1i-h m1i-k m1i-l m1i-n m1i-s\"><div class=\"x-row-inner\"><div class=\"x-col e54-e23 m1i-u\"><div class=\"x-text x-text-headline e54-e24 m1i-x m1i-y m1i-z m1i-10\"><div class=\"x-text-content\"><div class=\"x-text-content-text\">\n<h2 class=\"x-text-content-text-primary\">Notre mission<\/h2><\/div><\/div><\/div><div class=\"x-text x-content e54-e25 m1i-18 m1i-19 m1i-1a m1i-1c m1i-1d m1i-1e m1i-1f\"><p><strong>La Lucarne &ndash; incubateur des transitions<\/strong>&nbsp;accompagne les porteurs de projets innovants &agrave; impact social, environnemental et soci&eacute;tal. Notre mission est de vous guider, &eacute;tape par &eacute;tape, pour structurer et concr&eacute;tiser votre projet gr&acirc;ce &agrave; un accompagnement sur-mesure, alliant ateliers collectifs, mentorat individualis&eacute; et acc&egrave;s &agrave; un r&eacute;seau d&rsquo;experts. Ancr&eacute;e dans le<strong> Grand Est,<\/strong> La Lucarne soutient l&rsquo;innovation responsable pour cr&eacute;er un avenir durable et solidaire.<\/p><\/div><\/div><div class=\"x-col e54-e26 m1i-u\"><div class=\"x-grid x-container max width e54-e27 m1i-24 m1i-25\"><div class=\"x-cell e54-e28 m1i-27 m1i-28\"><div class=\"x-text x-content e54-e29 m1i-18 m1i-19 m1i-1c m1i-1e m1i-1g m1i-1h m1i-1i\"><p>10+<\/p><\/div><div class=\"x-text x-content e54-e30 m1i-18 m1i-1c m1i-1d m1i-1e m1i-1i m1i-1j m1i-1k\"><p>Projets accompagn&eacute;s<\/p><\/div><\/div><div class=\"x-cell e54-e31 m1i-27 m1i-28\"><div class=\"x-text x-content e54-e32 m1i-18 m1i-1c m1i-1e m1i-1g m1i-1i m1i-1j m1i-1l\"><p>2<\/p><\/div><div class=\"x-text x-content e54-e33 m1i-18 m1i-1c m1i-1d m1i-1e m1i-1i m1i-1j m1i-1k\"><p>Programmes sur-mesure<\/p><\/div><\/div><div class=\"x-cell e54-e34 m1i-27 m1i-28\"><div class=\"x-text x-content e54-e35 m1i-18 m1i-1c m1i-1d m1i-1e m1i-1g m1i-1i m1i-1j\"><p><strong>7<\/strong><\/p><\/div><div class=\"x-text x-content e54-e36 m1i-18 m1i-1c m1i-1d m1i-1e m1i-1i m1i-1j m1i-1k\"><p>Expert.e.s &agrave; votre service<\/p><\/div><\/div><div class=\"x-cell e54-e37 m1i-27 m1i-28\"><div class=\"x-text x-content e54-e38 m1i-18 m1i-1c m1i-1d m1i-1e m1i-1g m1i-1i m1i-1j\"><p><strong>100%<\/strong><\/p><\/div><div class=\"x-text x-content e54-e39 m1i-18 m1i-1c m1i-1d m1i-1e m1i-1i m1i-1j m1i-1k\"><p>Impact<\/p><\/div><\/div><\/div><\/div><\/div><\/div><\/div><div class=\"x-section e54-e40 m1i-1 m1i-4 m1i-5 m1i-7\" id=\"suis je \u00e9ligible\"><div class=\"x-div x-container max width e54-e41 m1i-a m1i-b\"><div class=\"x-grid e54-e42 m1i-24 m1i-26\"><div class=\"x-cell e54-e43 m1i-27 m1i-29 m1i-2a\"><span class=\"x-image e54-e44 m1i-1o m1i-1p m1i-1q m1i-20 m1i-21\"><img decoding=\"async\" src=\"https:\/\/la-lucarne.org\/wp-content\/uploads\/2025\/10\/DSC03300-scaled.jpg\" width=\"2560\" height=\"1443\" alt=\"Circle\" loading=\"lazy\"><\/span><div class=\"x-text x-text-headline e54-e45 m1i-z m1i-12 m1i-13 m1i-14\"><div class=\"x-text-content\"><div class=\"x-text-content-text\"><h1 class=\"x-text-content-text-primary\">Charg&eacute;&middot;es d'accompagnement<\/h1>\n<span class=\"x-text-content-text-subheadline\">Nos charg&eacute;.es d'accompagnement disposent d'une solide exp&eacute;rience entrepreneuriale. C'est parce qu'ils sont aussi pass&eacute;s par l&agrave; qu'ils sauront vous aiguiller et vous fournir les conseils les plus adapt&eacute;s &agrave; votre situation.<\/span><\/div><\/div><\/div><\/div><div class=\"x-cell e54-e46 m1i-27 m1i-29\"><span class=\"x-image e54-e47 m1i-1n m1i-1o m1i-1p m1i-1q m1i-21\"><img decoding=\"async\" src=\"https:\/\/la-lucarne.org\/wp-content\/uploads\/2025\/10\/DSC03305-scaled.jpg\" width=\"1280\" height=\"721\" alt=\"Circle\" loading=\"lazy\"><\/span><div class=\"x-text x-text-headline e54-e48 m1i-z m1i-12 m1i-13\"><div class=\"x-text-content\"><div class=\"x-text-content-text\"><h1 class=\"x-text-content-text-primary\">Expert&middot;es sectoriel&middot;les<\/h1>\n<span class=\"x-text-content-text-subheadline\">En plus de vos charg&eacute;.es d'accompagnement d&eacute;di&eacute;.es, vous pourrez b&eacute;n&eacute;ficier du soutien d'expert.es notamment dans le secteur de : la finance solidaire, la RSE, la sant&eacute;, la bio&eacute;conomie et l'industrie et bien d'autres encore.<\/span><\/div><\/div><\/div><\/div><div class=\"x-cell e54-e49 m1i-27 m1i-29\"><span class=\"x-image e54-e50 m1i-1n m1i-1o m1i-1p m1i-1q m1i-21\"><img decoding=\"async\" src=\"https:\/\/la-lucarne.org\/wp-content\/uploads\/2025\/10\/DSC01911-scaled.jpg\" width=\"1280\" height=\"719\" alt=\"Circle\" loading=\"lazy\"><\/span><div class=\"x-text x-text-headline e54-e51 m1i-z m1i-12 m1i-13\"><div class=\"x-text-content\"><div class=\"x-text-content-text\"><h1 class=\"x-text-content-text-primary\">Partenaires<\/h1>\n<span class=\"x-text-content-text-subheadline\">Chaque structure cofondatrice de la Lucarne dispose d'un grand r&eacute;seau de partenaires institutionnels et priv&eacute;s engag&eacute;s dans les transitions. Int&eacute;grer la Lucarne vous permettra d'aller &agrave; la rencontre de cet &eacute;cosyst&egrave;me.<\/span><\/div><\/div><\/div><\/div><\/div><\/div><\/div><div class=\"x-section e54-e52 m1i-1 m1i-2 m1i-3 m1i-4 m1i-5 m1i-8\"><div class=\"x-div x-container max width e54-e53 m1i-a m1i-b\"><div class=\"x-text x-text-headline e54-e54 m1i-y m1i-z m1i-10 m1i-15\"><div class=\"x-text-content\"><div class=\"x-text-content-text\">\n<h2 class=\"x-text-content-text-primary\">Rencontrez l'\u00e9quipe qui sera \u00e0 vos c\u00f4t\u00e9s<\/h2><\/div><\/div><\/div><div class=\"x-row e54-e55 m1i-d m1i-e m1i-f m1i-i m1i-k m1i-o m1i-t\"><div class=\"x-row-inner\"><div class=\"x-col e54-e56 m1i-u m1i-w\"><span class=\"x-image e54-e57 m1i-1n m1i-1p m1i-1s m1i-1x m1i-1y m1i-1z m1i-22\"><img decoding=\"async\" src=\"https:\/\/la-lucarne.org\/wp-content\/uploads\/2025\/10\/Regis-Bacher-2.jpg\" width=\"104\" height=\"104\" alt=\"Placeholder Image\" loading=\"lazy\"><\/span><div class=\"x-text x-text-headline e54-e58 m1i-z m1i-10 m1i-13 m1i-16\"><div class=\"x-text-content\"><div class=\"x-text-content-text\">\n<h3 class=\"x-text-content-text-primary\"><span class=\"OYPEnA font-feature-liga-off font-feature-clig-off font-feature-calt-off text-decoration-none text-strikethrough-none\">R&eacute;gis Bacher<\/span><\/h3><\/div><\/div><\/div><div class=\"x-text x-content e54-e59 m1i-18 m1i-19 m1i-1b m1i-1c m1i-1m\"><p><span class=\"OYPEnA font-feature-liga-off font-feature-clig-off font-feature-calt-off text-decoration-none text-strikethrough-none\">Nouveaux mod&egrave;les d'affaires<br \/><\/span><\/p><\/div><\/div><div class=\"x-col e54-e60 m1i-u m1i-w\"><span class=\"x-image e54-e61 m1i-1n m1i-1p m1i-1s m1i-1x m1i-1y m1i-1z m1i-22\"><img decoding=\"async\" src=\"https:\/\/la-lucarne.org\/wp-content\/uploads\/2024\/09\/Elisa-GARCIA-2T.jpg\" width=\"104\" height=\"104\" alt=\"Placeholder Image\" loading=\"lazy\"><\/span><div class=\"x-text x-text-headline e54-e62 m1i-z m1i-10 m1i-13 m1i-16\"><div class=\"x-text-content\"><div class=\"x-text-content-text\">\n<h3 class=\"x-text-content-text-primary\"><span class=\"OYPEnA font-feature-liga-off font-feature-clig-off font-feature-calt-off text-decoration-none text-strikethrough-none\">Elisa Garcia<\/span><\/h3><\/div><\/div><\/div><div class=\"x-text x-content e54-e63 m1i-18 m1i-19 m1i-1b m1i-1c m1i-1m\"><p><span class=\"OYPEnA font-feature-liga-off font-feature-clig-off font-feature-calt-off text-decoration-none text-strikethrough-none\">Communication<\/span><\/p><\/div><\/div><div class=\"x-col e54-e64 m1i-u m1i-w\"><span class=\"x-image e54-e65 m1i-1n m1i-1p m1i-1s m1i-1x m1i-1y m1i-1z m1i-22\"><img decoding=\"async\" src=\"https:\/\/la-lucarne.org\/wp-content\/uploads\/2024\/09\/Julie-HERNANDEZ1.jpg\" width=\"104\" height=\"104\" alt=\"Placeholder Image\" loading=\"lazy\"><\/span><div class=\"x-text x-text-headline e54-e66 m1i-z m1i-10 m1i-13 m1i-16\"><div class=\"x-text-content\"><div class=\"x-text-content-text\">\n<h3 class=\"x-text-content-text-primary\"><span class=\"OYPEnA font-feature-liga-off font-feature-clig-off font-feature-calt-off text-decoration-none text-strikethrough-none\">Julie Hernandez<\/span><\/h3><\/div><\/div><\/div><div class=\"x-text x-content e54-e67 m1i-18 m1i-19 m1i-1b m1i-1c m1i-1m\"><p><span class=\"OYPEnA font-feature-liga-off font-feature-clig-off font-feature-calt-off text-decoration-none text-strikethrough-none\">Innovation sociale&nbsp;<br \/>et impact<\/span><\/p><\/div><\/div><div class=\"x-col e54-e68 m1i-u m1i-w\"><span class=\"x-image e54-e69 m1i-1n m1i-1p m1i-1s m1i-1x m1i-1y m1i-1z m1i-22\"><img decoding=\"async\" src=\"https:\/\/la-lucarne.org\/wp-content\/uploads\/2025\/10\/Guillaume-KAUFFMANN-turquoise.jpg\" width=\"805\" height=\"764\" alt=\"Portrait de Guillaume Kauffmann - Directeur Initiatives Durables\" loading=\"lazy\"><\/span><div class=\"x-text x-text-headline e54-e70 m1i-z m1i-10 m1i-13 m1i-16\"><div class=\"x-text-content\"><div class=\"x-text-content-text\">\n<h3 class=\"x-text-content-text-primary\"><span class=\"OYPEnA font-feature-liga-off font-feature-clig-off font-feature-calt-off text-decoration-none text-strikethrough-none\">Guillaume Kauffmann<\/span><\/h3><\/div><\/div><\/div><div class=\"x-text x-content e54-e71 m1i-18 m1i-19 m1i-1b m1i-1c m1i-1m\"><p>Responsabilit&eacute; soci&eacute;tale et environnementale<\/p><\/div><\/div><div class=\"x-col e54-e72 m1i-u m1i-w\"><span class=\"x-image e54-e73 m1i-1n m1i-1p m1i-1s m1i-1x m1i-1y m1i-1z m1i-22\"><img decoding=\"async\" src=\"https:\/\/la-lucarne.org\/wp-content\/uploads\/2024\/09\/Laura-LEHMANN1-1.jpg\" width=\"104\" height=\"104\" alt=\"Placeholder Image\" loading=\"lazy\"><\/span><div class=\"x-text x-text-headline e54-e74 m1i-z m1i-10 m1i-13 m1i-16\"><div class=\"x-text-content\"><div class=\"x-text-content-text\">\n<h3 class=\"x-text-content-text-primary\"><span class=\"OYPEnA font-feature-liga-off font-feature-clig-off font-feature-calt-off text-decoration-none text-strikethrough-none\">Laura Lehmann<\/span><\/h3><\/div><\/div><\/div><div class=\"x-text x-content e54-e75 m1i-18 m1i-19 m1i-1b m1i-1c m1i-1m\"><p><span class=\"OYPEnA font-feature-liga-off font-feature-clig-off font-feature-calt-off text-decoration-none text-strikethrough-none\">Innovation entrepreneuriale<\/span><\/p><\/div><\/div><div class=\"x-col e54-e76 m1i-u m1i-w\"><span class=\"x-image e54-e77 m1i-1n m1i-1p m1i-1s m1i-1x m1i-1y m1i-1z m1i-22\"><img decoding=\"async\" src=\"https:\/\/la-lucarne.org\/wp-content\/uploads\/2025\/10\/Anne-Cecile-Ragain-2.jpg\" width=\"104\" height=\"104\" alt=\"Placeholder Image\" loading=\"lazy\"><\/span><div class=\"x-text x-text-headline e54-e78 m1i-z m1i-10 m1i-13 m1i-16\"><div class=\"x-text-content\"><div class=\"x-text-content-text\">\n<h3 class=\"x-text-content-text-primary\"><span class=\"OYPEnA font-feature-liga-off font-feature-clig-off font-feature-calt-off text-decoration-none text-strikethrough-none\">Anne-C&eacute;cile Ragain<\/span><\/h3><\/div><\/div><\/div><div class=\"x-text x-content e54-e79 m1i-18 m1i-19 m1i-1b m1i-1c m1i-1m\"><p><span class=\"OYPEnA font-feature-liga-off font-feature-clig-off font-feature-calt-off text-decoration-none text-strikethrough-none\">Economie responsable<\/span><\/p><\/div><\/div><div class=\"x-col e54-e80 m1i-u m1i-w\"><span class=\"x-image e54-e81 m1i-1n m1i-1p m1i-1s m1i-1x m1i-1y m1i-1z m1i-22\"><img decoding=\"async\" src=\"https:\/\/la-lucarne.org\/wp-content\/uploads\/2025\/10\/Florence-REMY.jpg\" width=\"104\" height=\"104\" alt=\"Placeholder Image\" loading=\"lazy\"><\/span><div class=\"x-text x-text-headline e54-e82 m1i-z m1i-10 m1i-13 m1i-16\"><div class=\"x-text-content\"><div class=\"x-text-content-text\">\n<h3 class=\"x-text-content-text-primary\"><span class=\"OYPEnA font-feature-liga-off font-feature-clig-off font-feature-calt-off text-decoration-none text-strikethrough-none\">Florence Remy<\/span><\/h3><\/div><\/div><\/div><div class=\"x-text x-content e54-e83 m1i-18 m1i-19 m1i-1b m1i-1c m1i-1m\"><p><span class=\"OYPEnA font-feature-liga-off font-feature-clig-off font-feature-calt-off text-decoration-none text-strikethrough-none\">Finance solidaire<br \/><\/span><\/p><\/div><\/div><div class=\"x-col e54-e84 m1i-u m1i-w\"><\/div><\/div><\/div><\/div><\/div><\/div>\n","protected":false},"excerpt":{"rendered":"<p>La Lucarne, qu&rsquo;est-ce que c&rsquo;est ?La Lucarne, incubateur d&eacute;di&eacute; aux projets &agrave; impact du Grand Est, est n&eacute;e de l&rsquo;alliance de trois structures majeures de l&rsquo;entrepreneuriat et de l&rsquo;accompagnement &agrave; impact en Alsace. Ensemble, Quest for change, Initiatives Durables et France Active Alsace forment un socle solide qui permet &agrave; notre incubateur de soutenir efficacement les entrepreneur.e.s des transitions &eacute;cologique, &#8230; <\/p>\n<div><a href=\"https:\/\/la-lucarne.org\/index.php\/notre-mission\/\" class=\"more-link\">Read More<\/a><\/div>\n","protected":false},"author":1,"featured_media":0,"parent":0,"menu_order":0,"comment_status":"closed","ping_status":"closed","template":"template-blank-4.php","meta":{"footnotes":""},"class_list":["post-54","page","type-page","status-publish","hentry","no-post-thumbnail"],"_links":{"self":[{"href":"https:\/\/la-lucarne.org\/index.php\/wp-json\/wp\/v2\/pages\/54","targetHints":{"allow":["GET"]}}],"collection":[{"href":"https:\/\/la-lucarne.org\/index.php\/wp-json\/wp\/v2\/pages"}],"about":[{"href":"https:\/\/la-lucarne.org\/index.php\/wp-json\/wp\/v2\/types\/page"}],"author":[{"embeddable":true,"href":"https:\/\/la-lucarne.org\/index.php\/wp-json\/wp\/v2\/users\/1"}],"replies":[{"embeddable":true,"href":"https:\/\/la-lucarne.org\/index.php\/wp-json\/wp\/v2\/comments?post=54"}],"version-history":[{"count":20,"href":"https:\/\/la-lucarne.org\/index.php\/wp-json\/wp\/v2\/pages\/54\/revisions"}],"predecessor-version":[{"id":255,"href":"https:\/\/la-lucarne.org\/index.php\/wp-json\/wp\/v2\/pages\/54\/revisions\/255"}],"wp:attachment":[{"href":"https:\/\/la-lucarne.org\/index.php\/wp-json\/wp\/v2\/media?parent=54"}],"curies":[{"name":"wp","href":"https:\/\/api.w.org\/{rel}","templated":true}]}}