{"id":64,"date":"2024-09-19T15:54:21","date_gmt":"2024-09-19T13:54:21","guid":{"rendered":"https:\/\/la-lucarne.org\/?page_id=64"},"modified":"2026-02-13T14:56:59","modified_gmt":"2026-02-13T13:56:59","slug":"3-cofondateurs","status":"publish","type":"page","link":"https:\/\/la-lucarne.org\/index.php\/3-cofondateurs\/","title":{"rendered":"3 co-fondateurs"},"content":{"rendered":"<div id=\"cs-content\" class=\"cs-content\"><div class=\"x-section e64-e1 m1s-0 m1s-1\" id=\"3 acteurs\"><div class=\"x-div x-container max width e64-e2 m1s-4 m1s-5 m1s-6 m1s-7\"><div class=\"x-row e64-e3 m1s-e m1s-f m1s-g m1s-h m1s-i m1s-o\"><div class=\"x-row-inner\"><div class=\"x-col e64-e4 m1s-s m1s-t\"><div class=\"x-row e64-e5 m1s-e m1s-f m1s-i m1s-j m1s-k m1s-l m1s-p\"><div class=\"x-row-inner\"><div class=\"x-col e64-e6 m1s-s m1s-t m1s-u\"><div class=\"x-text x-text-headline e64-e7 m1s-w m1s-x\"><div class=\"x-text-content\"><div class=\"x-text-content-text\">\n<h2 class=\"x-text-content-text-primary\">La Lucarne, qu'est-ce que c'est ?<\/h2><\/div><\/div><\/div><div class=\"x-text x-content e64-e8 m1s-z m1s-10\"><p><span class=\"TextRun SCXW61862061 BCX0\" lang=\"FR-FR\" xml:lang=\"FR-FR\" data-contrast=\"none\"><span class=\"NormalTextRun SCXW61862061 BCX0\">La Lucarne, incubateur d&eacute;di&eacute; aux projets &agrave; impact du Grand Est, est n&eacute;e de l&rsquo;alliance de trois structures majeures de l&rsquo;entrepreneuriat et de l&rsquo;accompagnement &agrave; impact en Alsace. <br \/>Ensemble, <\/span><span style=\"color: #21938c;\"><a style=\"color: #21938c;\" href=\"https:\/\/questforchange.eu\" target=\"_blank\" rel=\"noopener\"><span class=\"NormalTextRun SCXW61862061 BCX0\">Quest for change<\/span><\/a><\/span><\/span><span class=\"TextRun SCXW61862061 BCX0\" lang=\"FR-FR\" xml:lang=\"FR-FR\" data-contrast=\"none\"><span class=\"NormalTextRun SCXW61862061 BCX0\">, <span style=\"color: #44cabd;\"><a style=\"color: #44cabd;\" href=\"https:\/\/www.initiativesdurables.com\" target=\"_blank\" rel=\"noopener\"><span style=\"color: #21938c;\">Initiatives Durables<\/span><\/a><\/span> et <span style=\"color: #21938c;\"><a style=\"color: #21938c;\" href=\"https:\/\/franceactive-grandest.org\/alsace\" target=\"_blank\" rel=\"noopener\">France Active Alsace<\/a><\/span><\/span><\/span><span class=\"TextRun SCXW61862061 BCX0\" lang=\"FR-FR\" xml:lang=\"FR-FR\" data-contrast=\"none\"><span class=\"NormalTextRun SCXW61862061 BCX0\"> forment un socle solide qui permet &agrave; notre incubateur de soutenir efficacement les entrepreneur.e.s des transitions &eacute;cologique, sociale et soci&eacute;tale.<\/span><\/span><span class=\"EOP SCXW61862061 BCX0\" data-ccp-props=\"{&quot;134233117&quot;:false,&quot;134233118&quot;:false,&quot;335551550&quot;:0,&quot;335551620&quot;:0,&quot;335559738&quot;:240,&quot;335559739&quot;:240}\">&nbsp;<\/span><\/p><\/div><div class=\"x-row x-container max width e64-e9 m1s-e m1s-i m1s-l m1s-m m1s-q\"><div class=\"x-row-inner\"><div class=\"x-col e64-e10 m1s-s m1s-t\"><a class=\"x-image e64-e11 m1s-13 m1s-14\" href=\"https:\/\/questforchange.eu\" target=\"_blank\" rel=\"noopener noreferrer\"><img decoding=\"async\" src=\"https:\/\/la-lucarne.org\/wp-content\/uploads\/2025\/10\/Logo-QFC-fond-blanc.png\" width=\"340\" height=\"184\" alt=\"Image\" loading=\"lazy\"><\/a><\/div><div class=\"x-col e64-e12 m1s-s m1s-t\"><a class=\"x-image e64-e13 m1s-13 m1s-15\" href=\"https:\/\/www.initiativesdurables.com\" target=\"_blank\" rel=\"noopener noreferrer\"><img decoding=\"async\" src=\"https:\/\/la-lucarne.org\/wp-content\/uploads\/2025\/10\/Logo-ID-fond-blanc.png\" width=\"340\" height=\"184\" alt=\"Image\" loading=\"lazy\"><\/a><\/div><div class=\"x-col e64-e14 m1s-s m1s-t\"><a class=\"x-image e64-e15 m1s-13 m1s-15\" href=\"https:\/\/franceactive-grandest.org\/alsace\" target=\"_blank\" rel=\"noopener noreferrer\"><img decoding=\"async\" src=\"https:\/\/la-lucarne.org\/wp-content\/uploads\/2025\/10\/Logo-FAA-fond-blanc.png\" width=\"341\" height=\"184\" alt=\"Image\" loading=\"lazy\"><\/a><\/div><\/div><\/div><\/div><\/div><\/div><\/div><div class=\"x-col e64-e18 m1s-s m1s-t\"><figure class=\"x-div e64-e19 m1s-4 m1s-5 m1s-6 m1s-9\"><span class=\"x-image e64-e20 m1s-13 m1s-16\"><img decoding=\"async\" src=\"https:\/\/la-lucarne.org\/wp-content\/uploads\/2025\/10\/photo-groupe-team-Lucarne.png\" width=\"1000\" height=\"562\" alt=\"Placeholder Image\" loading=\"lazy\"><\/span><\/figure><\/div><\/div><\/div><\/div><\/div><div class=\"x-section e64-e21 m1s-1 m1s-2\"><div class=\"x-div x-container max width e64-e22 m1s-4 m1s-5 m1s-6 m1s-7\"><div class=\"x-row e64-e23 m1s-e m1s-f m1s-g m1s-j m1s-l m1s-n m1s-r\"><div class=\"x-row-inner\"><div class=\"x-col e64-e24 m1s-s m1s-v\"><div class=\"x-div e64-e25 m1s-4 m1s-6 m1s-7 m1s-a\"><span class=\"x-image e64-e26 m1s-13 m1s-16\"><img decoding=\"async\" src=\"https:\/\/la-lucarne.org\/wp-content\/uploads\/2025\/10\/DSC03406-scaled.jpg\" width=\"1280\" height=\"721\" alt=\"Placeholder Image\" loading=\"lazy\"><\/span><\/div><div class=\"x-div e64-e27 m1s-6 m1s-7 m1s-a m1s-b\"><div class=\"x-text x-text-headline e64-e28 m1s-x m1s-y\"><div class=\"x-text-content\"><div class=\"x-text-content-text\">\n<h3 class=\"x-text-content-text-primary\">Quest for change<\/h3><\/div><\/div><\/div><div class=\"x-text x-content e64-e29 m1s-10 m1s-11\"><p><a href=\"https:\/\/questforchange.eu\" target=\"_blank\" rel=\"noopener\">Quest for Change<\/a>, r\u00e9seau d\u2019incubateurs du Grand Est cr\u00e9\u00e9 en 2021, f\u00e9d\u00e8re 5 incubateurs territoriaux et 3 th\u00e9matiques, avec une m\u00e9thodologie commune \u00e9prouv\u00e9e aupr\u00e8s de plus de 300 start-up.<\/p>\n<p>Sa mission\u202f: acc\u00e9l\u00e9rer l\u2019innovation et mener les entrepreneur\u00b7e\u00b7s vers leur premier chiffre d\u2019affaires gr\u00e2ce \u00e0 un accompagnement pragmatique et bienveillant assur\u00e9 par plus de 50 experts au fort ADN entrepreneurial.<\/p>\n<p><strong>La Lucarne<\/strong>\u00a0est port\u00e9e localement par\u00a0<strong>SEMIA<\/strong>, incubateur territorial bas\u00e9 \u00e0 Strasbourg et Mulhouse, membre du r\u00e9seau.<\/p><\/div><a class=\"x-anchor x-anchor-button has-graphic has-particle e64-e30 m1s-18 m1s-19 m1s-3\" tabindex=\"0\" href=\"https:\/\/questforchange.eu\" target=\"_blank\" rel=\"noopener noreferrer\" data-x-effect=\"{&quot;durationBase&quot;:&quot;300ms&quot;}\"><span class=\"x-particle is-primary\" data-x-particle=\"scale-x inside-b_l\" aria-hidden=\"true\"><span style=\"\"><\/span><\/span><div class=\"x-anchor-content\"><span class=\"x-graphic\" aria-hidden=\"true\"><i class=\"x-icon x-graphic-child x-graphic-icon x-graphic-primary\" aria-hidden=\"true\" data-x-icon-o=\"&#xf105;\"><\/i><i class=\"x-icon x-graphic-child x-graphic-icon x-graphic-secondary\" aria-hidden=\"true\" data-x-icon-o=\"&#xf105;\"><\/i><\/span><div class=\"x-anchor-text\"><span class=\"x-anchor-text-primary\">En savoir plus<\/span><\/div><\/div><\/a><\/div><\/div><div class=\"x-col e64-e31 m1s-s m1s-v\"><div class=\"x-div e64-e32 m1s-4 m1s-6 m1s-7 m1s-a\"><span class=\"x-image e64-e33 m1s-13 m1s-16\"><img decoding=\"async\" src=\"https:\/\/la-lucarne.org\/wp-content\/uploads\/2025\/10\/equipe-ID-2-4.png\" width=\"805\" height=\"452\" alt=\"Placeholder Image\" loading=\"lazy\"><\/span><\/div><div class=\"x-div e64-e34 m1s-6 m1s-7 m1s-a m1s-b m1s-c\"><div class=\"x-text x-text-headline e64-e35 m1s-x m1s-y\"><div class=\"x-text-content\"><div class=\"x-text-content-text\">\n<h3 class=\"x-text-content-text-primary\">Initiatives Durables<\/h3><\/div><\/div><\/div><div class=\"x-text x-content e64-e36 m1s-10 m1s-11 m1s-12\"><p data-start=\"101\" data-end=\"392\">Acteur de r&eacute;f&eacute;rence de l&rsquo;&eacute;conomie responsable dans le Grand Est, <a href=\"https:\/\/www.initiativesdurables.com\/initiatives-durables\/qui-sommes-nous\" target=\"_blank\" rel=\"noopener\">Initiatives Durables<\/a> accompagne depuis 2004 les entreprises et les territoires dans leurs d&eacute;marches RSE.<br data-start=\"297\" data-end=\"300\" \/>Son objectif est clair : faire de la durabilit&eacute; un levier de performance et d&rsquo;innovation collective.<\/p>\n<p><span class=\"TextRun SCXW26949994 BCX0\" lang=\"FR-FR\" xml:lang=\"FR-FR\" data-contrast=\"none\"><span class=\"NormalTextRun SCXW26949994 BCX0\">L'expertise d'Initiatives Durables lui permet de guider les projets vers <strong>l&rsquo;Economie de la Fonctionnalit&eacute; et de la Coop&eacute;ration<\/strong>, qui int&egrave;gre notamment l<\/span><span class=\"NormalTextRun SCXW26949994 BCX0\">a notion de<\/span><span class=\"NormalTextRun SCXW26949994 BCX0\"> limites plan&eacute;taire<\/span><span class=\"NormalTextRun SCXW26949994 BCX0\">s<\/span><span class=\"NormalTextRun SCXW26949994 BCX0\"> dans le d&eacute;veloppement des projets.&nbsp;<\/span><\/span><span class=\"EOP SCXW26949994 BCX0\" data-ccp-props=\"{&quot;134233117&quot;:false,&quot;134233118&quot;:false,&quot;335559738&quot;:240,&quot;335559739&quot;:240}\">&nbsp;<\/span><\/p><\/div><a class=\"x-anchor x-anchor-button has-graphic has-particle e64-e37 m1s-18 m1s-19 m1s-3\" tabindex=\"0\" href=\"https:\/\/www.initiativesdurables.com\/initiatives-durables\/qui-sommes-nous\" target=\"_blank\" rel=\"noopener noreferrer\" data-x-effect=\"{&quot;durationBase&quot;:&quot;300ms&quot;}\"><span class=\"x-particle is-primary\" data-x-particle=\"scale-x inside-b_l\" aria-hidden=\"true\"><span style=\"\"><\/span><\/span><div class=\"x-anchor-content\"><span class=\"x-graphic\" aria-hidden=\"true\"><i class=\"x-icon x-graphic-child x-graphic-icon x-graphic-primary\" aria-hidden=\"true\" data-x-icon-o=\"&#xf105;\"><\/i><i class=\"x-icon x-graphic-child x-graphic-icon x-graphic-secondary\" aria-hidden=\"true\" data-x-icon-o=\"&#xf105;\"><\/i><\/span><div class=\"x-anchor-text\"><span class=\"x-anchor-text-primary\">En savoir plus<\/span><\/div><\/div><\/a><\/div><\/div><div class=\"x-col e64-e38 m1s-s m1s-v\"><div class=\"x-div e64-e39 m1s-4 m1s-6 m1s-7 m1s-a\"><span class=\"x-image e64-e40 m1s-13 m1s-16\"><img decoding=\"async\" src=\"https:\/\/la-lucarne.org\/wp-content\/uploads\/2025\/10\/DSC02616-scaled.jpg\" width=\"1280\" height=\"721\" alt=\"Placeholder Image\" loading=\"lazy\"><\/span><\/div><div class=\"x-div e64-e41 m1s-6 m1s-7 m1s-a m1s-b m1s-d\"><div class=\"x-text x-text-headline e64-e42 m1s-x m1s-y\"><div class=\"x-text-content\"><div class=\"x-text-content-text\">\n<h3 class=\"x-text-content-text-primary\">France Active Alsace<\/h3><\/div><\/div><\/div><div class=\"x-text x-content e64-e43 m1s-10 m1s-11 m1s-12\"><p><span class=\"EOP SCXW229220778 BCX0\" data-ccp-props=\"{&quot;134233117&quot;:false,&quot;134233118&quot;:false,&quot;335559738&quot;:240,&quot;335559739&quot;:240}\"><a href=\"https:\/\/franceactive-grandest.org\/les-associations-de-proximite-alsace\" target=\"_blank\" rel=\"noopener\">France Active Alsace<\/a>, cr&eacute;&eacute;e en 1997, est un acteur majeur du <strong>financement solidaire<\/strong> au service de l&rsquo;&Eacute;conomie Sociale et Solidaire (ESS). <\/span><\/p>\n<p>En accompagnant et finan&ccedil;ant les entrepreneurs porteurs de projets &agrave; impact, elle soutient l&rsquo;inclusion, l&rsquo;innovation sociale et la <strong>cr&eacute;ation d&rsquo;emplois durables dans la r&eacute;gion<\/strong>.<\/p>\n<p>Gr&acirc;ce &agrave; son <strong>expertise financi&egrave;re<\/strong>, son ancrage local et un r&eacute;seau de partenaires,&nbsp;France Active Alsace&nbsp;renforce l&rsquo;accompagnement offert par&nbsp;La Lucarne&nbsp;pour faire &eacute;merger une &eacute;conomie plus responsable et &eacute;quitable.<\/p><\/div><a class=\"x-anchor x-anchor-button has-graphic has-particle e64-e44 m1s-18 m1s-19 m1s-3\" tabindex=\"0\" href=\"https:\/\/franceactive-grandest.org\/les-associations-de-proximite-alsace\" target=\"_blank\" rel=\"noopener noreferrer\" data-x-effect=\"{&quot;durationBase&quot;:&quot;300ms&quot;}\"><span class=\"x-particle is-primary\" data-x-particle=\"scale-x inside-b_l\" aria-hidden=\"true\"><span style=\"\"><\/span><\/span><div class=\"x-anchor-content\"><span class=\"x-graphic\" aria-hidden=\"true\"><i class=\"x-icon x-graphic-child x-graphic-icon x-graphic-primary\" aria-hidden=\"true\" data-x-icon-o=\"&#xf105;\"><\/i><i class=\"x-icon x-graphic-child x-graphic-icon x-graphic-secondary\" aria-hidden=\"true\" data-x-icon-o=\"&#xf105;\"><\/i><\/span><div class=\"x-anchor-text\"><span class=\"x-anchor-text-primary\">En savoir plus<\/span><\/div><\/div><\/a><\/div><\/div><\/div><\/div><\/div><\/div><\/div>\n","protected":false},"excerpt":{"rendered":"<p>La Lucarne, qu&rsquo;est-ce que c&rsquo;est ?La Lucarne, incubateur d&eacute;di&eacute; aux projets &agrave; impact du Grand Est, est n&eacute;e de l&rsquo;alliance de trois structures majeures de l&rsquo;entrepreneuriat et de l&rsquo;accompagnement &agrave; impact en Alsace. Ensemble, Quest for change, Initiatives Durables et France Active Alsace forment un socle solide qui permet &agrave; notre incubateur de soutenir efficacement les entrepreneur.e.s des transitions &eacute;cologique, &#8230; <\/p>\n<div><a href=\"https:\/\/la-lucarne.org\/index.php\/3-cofondateurs\/\" class=\"more-link\">Read More<\/a><\/div>\n","protected":false},"author":1,"featured_media":0,"parent":0,"menu_order":0,"comment_status":"closed","ping_status":"closed","template":"template-blank-4.php","meta":{"footnotes":""},"class_list":["post-64","page","type-page","status-publish","hentry","no-post-thumbnail"],"_links":{"self":[{"href":"https:\/\/la-lucarne.org\/index.php\/wp-json\/wp\/v2\/pages\/64","targetHints":{"allow":["GET"]}}],"collection":[{"href":"https:\/\/la-lucarne.org\/index.php\/wp-json\/wp\/v2\/pages"}],"about":[{"href":"https:\/\/la-lucarne.org\/index.php\/wp-json\/wp\/v2\/types\/page"}],"author":[{"embeddable":true,"href":"https:\/\/la-lucarne.org\/index.php\/wp-json\/wp\/v2\/users\/1"}],"replies":[{"embeddable":true,"href":"https:\/\/la-lucarne.org\/index.php\/wp-json\/wp\/v2\/comments?post=64"}],"version-history":[{"count":14,"href":"https:\/\/la-lucarne.org\/index.php\/wp-json\/wp\/v2\/pages\/64\/revisions"}],"predecessor-version":[{"id":290,"href":"https:\/\/la-lucarne.org\/index.php\/wp-json\/wp\/v2\/pages\/64\/revisions\/290"}],"wp:attachment":[{"href":"https:\/\/la-lucarne.org\/index.php\/wp-json\/wp\/v2\/media?parent=64"}],"curies":[{"name":"wp","href":"https:\/\/api.w.org\/{rel}","templated":true}]}}